{"id":1005897,"date":"2022-03-21T22:07:42","date_gmt":"2022-03-21T21:07:42","guid":{"rendered":"https:\/\/carl-humann.de\/?page_id=1005897"},"modified":"2024-04-24T21:22:12","modified_gmt":"2024-04-24T19:22:12","slug":"history","status":"publish","type":"page","link":"https:\/\/carl-humann.de\/en\/history\/","title":{"rendered":"Stories"},"content":{"rendered":"\t\t<div data-elementor-type=\"wp-page\" data-elementor-id=\"1005897\" class=\"elementor elementor-1005897\" data-elementor-post-type=\"page\">\n\t\t\t\t\t\t<section class=\"elementor-section elementor-top-section elementor-element elementor-element-2dcc6ef elementor-section-height-min-height elementor-section-boxed elementor-section-height-default elementor-section-items-middle\" data-id=\"2dcc6ef\" data-element_type=\"section\" data-e-type=\"section\" data-settings=\"{&quot;background_background&quot;:&quot;classic&quot;}\">\n\t\t\t\t\t\t\t<div class=\"elementor-background-overlay\"><\/div>\n\t\t\t\t\t\t\t<div class=\"elementor-container elementor-column-gap-default\">\n\t\t\t\t\t<div class=\"elementor-column elementor-col-100 elementor-top-column elementor-element elementor-element-387a2b2\" data-id=\"387a2b2\" data-element_type=\"column\" data-e-type=\"column\" data-settings=\"{&quot;background_background&quot;:&quot;classic&quot;}\">\n\t\t\t<div class=\"elementor-widget-wrap\">\n\t\t\t\t\t\t\t<\/div>\n\t\t<\/div>\n\t\t\t\t\t<\/div>\n\t\t<\/section>\n\t\t\t\t<section class=\"elementor-section elementor-top-section elementor-element elementor-element-20d594f elementor-section-boxed elementor-section-height-default elementor-section-height-default\" data-id=\"20d594f\" data-element_type=\"section\" data-e-type=\"section\">\n\t\t\t\t\t\t<div class=\"elementor-container elementor-column-gap-no\">\n\t\t\t\t\t<div class=\"elementor-column elementor-col-50 elementor-top-column elementor-element elementor-element-8edd659 animated-fast elementor-invisible\" data-id=\"8edd659\" data-element_type=\"column\" data-e-type=\"column\" data-settings=\"{&quot;background_background&quot;:&quot;classic&quot;,&quot;animation&quot;:&quot;fadeIn&quot;,&quot;animation_tablet&quot;:&quot;none&quot;,&quot;animation_mobile&quot;:&quot;none&quot;,&quot;animation_delay&quot;:100}\">\n\t\t\t<div class=\"elementor-widget-wrap elementor-element-populated\">\n\t\t\t\t\t\t\t<\/div>\n\t\t<\/div>\n\t\t\t\t<div class=\"elementor-column elementor-col-50 elementor-top-column elementor-element elementor-element-0cff86a elementor-hidden-desktop elementor-hidden-tablet elementor-hidden-phone\" data-id=\"0cff86a\" data-element_type=\"column\" data-e-type=\"column\">\n\t\t\t<div class=\"elementor-widget-wrap\">\n\t\t\t\t\t\t\t<\/div>\n\t\t<\/div>\n\t\t\t\t\t<\/div>\n\t\t<\/section>\n\t\t\t\t<section class=\"elementor-section elementor-top-section elementor-element elementor-element-ec0a494 elementor-section-boxed elementor-section-height-default elementor-section-height-default\" data-id=\"ec0a494\" data-element_type=\"section\" data-e-type=\"section\">\n\t\t\t\t\t\t<div class=\"elementor-container elementor-column-gap-no\">\n\t\t\t\t\t<div class=\"elementor-column elementor-col-100 elementor-top-column elementor-element elementor-element-528ccf1\" data-id=\"528ccf1\" data-element_type=\"column\" data-e-type=\"column\">\n\t\t\t<div class=\"elementor-widget-wrap elementor-element-populated\">\n\t\t\t\t\t\t<div class=\"elementor-element elementor-element-1e86bc3 animated-fast elementor-grid-3 elementor-grid-tablet-2 elementor-grid-mobile-1 elementor-posts--thumbnail-top load-more-align-center elementor-invisible elementor-widget elementor-widget-posts\" data-id=\"1e86bc3\" data-element_type=\"widget\" data-e-type=\"widget\" data-settings=\"{&quot;classic_row_gap&quot;:{&quot;unit&quot;:&quot;px&quot;,&quot;size&quot;:60,&quot;sizes&quot;:[]},&quot;_animation&quot;:&quot;fadeIn&quot;,&quot;pagination_type&quot;:&quot;load_more_on_click&quot;,&quot;classic_columns&quot;:&quot;3&quot;,&quot;classic_columns_tablet&quot;:&quot;2&quot;,&quot;classic_columns_mobile&quot;:&quot;1&quot;,&quot;classic_row_gap_tablet&quot;:{&quot;unit&quot;:&quot;px&quot;,&quot;size&quot;:&quot;&quot;,&quot;sizes&quot;:[]},&quot;classic_row_gap_mobile&quot;:{&quot;unit&quot;:&quot;px&quot;,&quot;size&quot;:&quot;&quot;,&quot;sizes&quot;:[]},&quot;load_more_spinner&quot;:{&quot;value&quot;:&quot;fas fa-spinner&quot;,&quot;library&quot;:&quot;fa-solid&quot;}}\" data-widget_type=\"posts.classic\">\n\t\t\t\t<div class=\"elementor-widget-container\">\n\t\t\t\t\t\t\t<div class=\"elementor-posts-container elementor-posts elementor-posts--skin-classic elementor-grid\" role=\"list\">\n\t\t\t\t<article class=\"elementor-post elementor-grid-item post-1013080 post type-post status-publish format-standard has-post-thumbnail hentry\" role=\"listitem\">\n\t\t\t\t<a class=\"elementor-post__thumbnail__link\" href=\"https:\/\/carl-humann.de\/en\/workshop-die-masche-der-loverboys\/\" tabindex=\"-1\" >\n\t\t\t<div class=\"elementor-post__thumbnail\"><img fetchpriority=\"high\" decoding=\"async\" width=\"1048\" height=\"1280\" src=\"https:\/\/carl-humann.de\/wp-content\/uploads\/2026\/04\/PXL_20260414_0616158052.png\" class=\"attachment-full size-full wp-image-1013076\" alt=\"\" srcset=\"https:\/\/carl-humann.de\/wp-content\/uploads\/2026\/04\/PXL_20260414_0616158052.png 1048w, https:\/\/carl-humann.de\/wp-content\/uploads\/2026\/04\/PXL_20260414_0616158052-246x300.png 246w, https:\/\/carl-humann.de\/wp-content\/uploads\/2026\/04\/PXL_20260414_0616158052-838x1024.png 838w, https:\/\/carl-humann.de\/wp-content\/uploads\/2026\/04\/PXL_20260414_0616158052-768x938.png 768w\" sizes=\"(max-width: 1048px) 100vw, 1048px\" \/><\/div>\n\t\t<\/a>\n\t\t\t\t<div class=\"elementor-post__text\">\n\t\t\t\t<h4 class=\"elementor-post__title\">\n\t\t\t<a href=\"https:\/\/carl-humann.de\/en\/workshop-die-masche-der-loverboys\/\" >\n\t\t\t\tWorkshop \u201eDie Masche der Loverboys&#8221;\t\t\t<\/a>\n\t\t<\/h4>\n\t\t\t\t<div class=\"elementor-post__meta-data\">\n\t\t\t\t\t<span class=\"elementor-post-date\">\n\t\t\t24. April 2026\t\t<\/span>\n\t\t\t\t<\/div>\n\t\t\t\t<div class=\"elementor-post__excerpt\">\n\t\t\t<p>Ein besonderer Pr\u00e4ventionsworkshop f\u00fcr Sch\u00fclerinnen des 9. Jahrgangs der katholischen Religionskurse fand vergangenen Dienstag an unserer Schule statt \u2013 organisiert von Frau Breer und Herrn<\/p>\n\t\t<\/div>\n\t\t\n\t\t<a class=\"elementor-post__read-more\" href=\"https:\/\/carl-humann.de\/en\/workshop-die-masche-der-loverboys\/\" aria-label=\"Read more about Workshop \u201eDie Masche der Loverboys&#8221;\" tabindex=\"-1\" >\n\t\t\tWeiterlesen\t\t<\/a>\n\n\t\t\t\t<\/div>\n\t\t\t\t<\/article>\n\t\t\t\t<article class=\"elementor-post elementor-grid-item post-1013068 post type-post status-publish format-standard has-post-thumbnail hentry\" role=\"listitem\">\n\t\t\t\t<a class=\"elementor-post__thumbnail__link\" href=\"https:\/\/carl-humann.de\/en\/teilnahme-am-franzoesischen-vorlesewettbewerb-duisburg\/\" tabindex=\"-1\" >\n\t\t\t<div class=\"elementor-post__thumbnail\"><img decoding=\"async\" width=\"2048\" height=\"1536\" src=\"https:\/\/carl-humann.de\/wp-content\/uploads\/2026\/04\/096F19DA-D0B5-43A5-8735-318BEF90F40B_1_102_o.jpeg\" class=\"attachment-full size-full wp-image-1013058\" alt=\"\" srcset=\"https:\/\/carl-humann.de\/wp-content\/uploads\/2026\/04\/096F19DA-D0B5-43A5-8735-318BEF90F40B_1_102_o.jpeg 2048w, https:\/\/carl-humann.de\/wp-content\/uploads\/2026\/04\/096F19DA-D0B5-43A5-8735-318BEF90F40B_1_102_o-300x225.jpeg 300w, https:\/\/carl-humann.de\/wp-content\/uploads\/2026\/04\/096F19DA-D0B5-43A5-8735-318BEF90F40B_1_102_o-1024x768.jpeg 1024w, https:\/\/carl-humann.de\/wp-content\/uploads\/2026\/04\/096F19DA-D0B5-43A5-8735-318BEF90F40B_1_102_o-768x576.jpeg 768w, https:\/\/carl-humann.de\/wp-content\/uploads\/2026\/04\/096F19DA-D0B5-43A5-8735-318BEF90F40B_1_102_o-1536x1152.jpeg 1536w\" sizes=\"(max-width: 2048px) 100vw, 2048px\" \/><\/div>\n\t\t<\/a>\n\t\t\t\t<div class=\"elementor-post__text\">\n\t\t\t\t<h4 class=\"elementor-post__title\">\n\t\t\t<a href=\"https:\/\/carl-humann.de\/en\/teilnahme-am-franzoesischen-vorlesewettbewerb-duisburg\/\" >\n\t\t\t\tTeilnahme am franz\u00f6sischen Vorlesewettbewerb Duisburg\t\t\t<\/a>\n\t\t<\/h4>\n\t\t\t\t<div class=\"elementor-post__meta-data\">\n\t\t\t\t\t<span class=\"elementor-post-date\">\n\t\t\t22. April 2026\t\t<\/span>\n\t\t\t\t<\/div>\n\t\t\t\t<div class=\"elementor-post__excerpt\">\n\t\t\t<p>6 motivierte Sch\u00fclerinnen und Sch\u00fcler des 9. Jahrgangs bereiteten sich im Rahmen einer Franz\u00f6sisch Lese-AG mit Frau Nemi intensiv auf die Teilnahme an einem Vorlesewettbewerb<\/p>\n\t\t<\/div>\n\t\t\n\t\t<a class=\"elementor-post__read-more\" href=\"https:\/\/carl-humann.de\/en\/teilnahme-am-franzoesischen-vorlesewettbewerb-duisburg\/\" aria-label=\"Read more about Teilnahme am franz\u00f6sischen Vorlesewettbewerb Duisburg\" tabindex=\"-1\" >\n\t\t\tWeiterlesen\t\t<\/a>\n\n\t\t\t\t<\/div>\n\t\t\t\t<\/article>\n\t\t\t\t<article class=\"elementor-post elementor-grid-item post-1013048 post type-post status-publish format-standard has-post-thumbnail hentry\" role=\"listitem\">\n\t\t\t\t<a class=\"elementor-post__thumbnail__link\" href=\"https:\/\/carl-humann.de\/en\/wir-feiern-das-lesen-5\/\" tabindex=\"-1\" >\n\t\t\t<div class=\"elementor-post__thumbnail\"><img decoding=\"async\" width=\"2560\" height=\"1708\" src=\"https:\/\/carl-humann.de\/wp-content\/uploads\/2026\/04\/WTB_Medienbild_5__c__Stiftung_Lesen_Alexander_Sell_Die_Welle-scaled.jpg\" class=\"attachment-full size-full wp-image-1013044\" alt=\"\" srcset=\"https:\/\/carl-humann.de\/wp-content\/uploads\/2026\/04\/WTB_Medienbild_5__c__Stiftung_Lesen_Alexander_Sell_Die_Welle-scaled.jpg 2560w, https:\/\/carl-humann.de\/wp-content\/uploads\/2026\/04\/WTB_Medienbild_5__c__Stiftung_Lesen_Alexander_Sell_Die_Welle-300x200.jpg 300w, https:\/\/carl-humann.de\/wp-content\/uploads\/2026\/04\/WTB_Medienbild_5__c__Stiftung_Lesen_Alexander_Sell_Die_Welle-1024x683.jpg 1024w, https:\/\/carl-humann.de\/wp-content\/uploads\/2026\/04\/WTB_Medienbild_5__c__Stiftung_Lesen_Alexander_Sell_Die_Welle-768x512.jpg 768w, https:\/\/carl-humann.de\/wp-content\/uploads\/2026\/04\/WTB_Medienbild_5__c__Stiftung_Lesen_Alexander_Sell_Die_Welle-1536x1025.jpg 1536w, https:\/\/carl-humann.de\/wp-content\/uploads\/2026\/04\/WTB_Medienbild_5__c__Stiftung_Lesen_Alexander_Sell_Die_Welle-2048x1366.jpg 2048w\" sizes=\"(max-width: 2560px) 100vw, 2560px\" \/><\/div>\n\t\t<\/a>\n\t\t\t\t<div class=\"elementor-post__text\">\n\t\t\t\t<h4 class=\"elementor-post__title\">\n\t\t\t<a href=\"https:\/\/carl-humann.de\/en\/wir-feiern-das-lesen-5\/\" >\n\t\t\t\tWir feiern das Lesen!\t\t\t<\/a>\n\t\t<\/h4>\n\t\t\t\t<div class=\"elementor-post__meta-data\">\n\t\t\t\t\t<span class=\"elementor-post-date\">\n\t\t\t22. April 2026\t\t<\/span>\n\t\t\t\t<\/div>\n\t\t\t\t<div class=\"elementor-post__excerpt\">\n\t\t\t<p>Am 23. April wird der UNESCO-Welttag des Buches gefeiert. Urspr\u00fcnglich handelt es sich um eine katalanische Tradition: Zum Namenstag des Heiligen Georg schenkt jede Frau<\/p>\n\t\t<\/div>\n\t\t\n\t\t<a class=\"elementor-post__read-more\" href=\"https:\/\/carl-humann.de\/en\/wir-feiern-das-lesen-5\/\" aria-label=\"Read more about Wir feiern das Lesen!\" tabindex=\"-1\" >\n\t\t\tWeiterlesen\t\t<\/a>\n\n\t\t\t\t<\/div>\n\t\t\t\t<\/article>\n\t\t\t\t<article class=\"elementor-post elementor-grid-item post-1013025 post type-post status-publish format-standard has-post-thumbnail hentry\" role=\"listitem\">\n\t\t\t\t<a class=\"elementor-post__thumbnail__link\" href=\"https:\/\/carl-humann.de\/en\/im-treppenhaus-worte-in-bewegung\/\" tabindex=\"-1\" >\n\t\t\t<div class=\"elementor-post__thumbnail\"><img loading=\"lazy\" decoding=\"async\" width=\"1920\" height=\"2560\" src=\"https:\/\/carl-humann.de\/wp-content\/uploads\/2026\/04\/13-1-scaled.jpg\" class=\"attachment-full size-full wp-image-1013021\" alt=\"\" srcset=\"https:\/\/carl-humann.de\/wp-content\/uploads\/2026\/04\/13-1-scaled.jpg 1920w, https:\/\/carl-humann.de\/wp-content\/uploads\/2026\/04\/13-1-225x300.jpg 225w, https:\/\/carl-humann.de\/wp-content\/uploads\/2026\/04\/13-1-768x1024.jpg 768w, https:\/\/carl-humann.de\/wp-content\/uploads\/2026\/04\/13-1-1152x1536.jpg 1152w, https:\/\/carl-humann.de\/wp-content\/uploads\/2026\/04\/13-1-1536x2048.jpg 1536w\" sizes=\"(max-width: 1920px) 100vw, 1920px\" \/><\/div>\n\t\t<\/a>\n\t\t\t\t<div class=\"elementor-post__text\">\n\t\t\t\t<h4 class=\"elementor-post__title\">\n\t\t\t<a href=\"https:\/\/carl-humann.de\/en\/im-treppenhaus-worte-in-bewegung\/\" >\n\t\t\t\tIM TREPPENHAUS &#8211; Worte in Bewegung\t\t\t<\/a>\n\t\t<\/h4>\n\t\t\t\t<div class=\"elementor-post__meta-data\">\n\t\t\t\t\t<span class=\"elementor-post-date\">\n\t\t\t13. April 2026\t\t<\/span>\n\t\t\t\t<\/div>\n\t\t\t\t<div class=\"elementor-post__excerpt\">\n\t\t\t<p>Ein Treppenhaus als B\u00fchne f\u00fcr ein Literaturprojekt? Was soll das denn bitte hei\u00dfen und was kann da passieren, was k\u00f6nnen wir erz\u00e4hlen? Der Literaturkurs hat<\/p>\n\t\t<\/div>\n\t\t\n\t\t<a class=\"elementor-post__read-more\" href=\"https:\/\/carl-humann.de\/en\/im-treppenhaus-worte-in-bewegung\/\" aria-label=\"Read more about IM TREPPENHAUS &#8211; Worte in Bewegung\" tabindex=\"-1\" >\n\t\t\tWeiterlesen\t\t<\/a>\n\n\t\t\t\t<\/div>\n\t\t\t\t<\/article>\n\t\t\t\t<article class=\"elementor-post elementor-grid-item post-1012903 post type-post status-publish format-standard has-post-thumbnail hentry\" role=\"listitem\">\n\t\t\t\t<a class=\"elementor-post__thumbnail__link\" href=\"https:\/\/carl-humann.de\/en\/happy-purim-3\/\" tabindex=\"-1\" >\n\t\t\t<div class=\"elementor-post__thumbnail\"><img loading=\"lazy\" decoding=\"async\" width=\"1568\" height=\"1024\" src=\"https:\/\/carl-humann.de\/wp-content\/uploads\/2026\/02\/purim-gegenstaende-und-der-schriftzug-happy-purim.jpg\" class=\"attachment-full size-full wp-image-1012891\" alt=\"\" srcset=\"https:\/\/carl-humann.de\/wp-content\/uploads\/2026\/02\/purim-gegenstaende-und-der-schriftzug-happy-purim.jpg 1568w, https:\/\/carl-humann.de\/wp-content\/uploads\/2026\/02\/purim-gegenstaende-und-der-schriftzug-happy-purim-300x196.jpg 300w, https:\/\/carl-humann.de\/wp-content\/uploads\/2026\/02\/purim-gegenstaende-und-der-schriftzug-happy-purim-1024x669.jpg 1024w, https:\/\/carl-humann.de\/wp-content\/uploads\/2026\/02\/purim-gegenstaende-und-der-schriftzug-happy-purim-768x502.jpg 768w, https:\/\/carl-humann.de\/wp-content\/uploads\/2026\/02\/purim-gegenstaende-und-der-schriftzug-happy-purim-1536x1003.jpg 1536w\" sizes=\"(max-width: 1568px) 100vw, 1568px\" \/><\/div>\n\t\t<\/a>\n\t\t\t\t<div class=\"elementor-post__text\">\n\t\t\t\t<h4 class=\"elementor-post__title\">\n\t\t\t<a href=\"https:\/\/carl-humann.de\/en\/happy-purim-3\/\" >\n\t\t\t\tHappy Purim!\t\t\t<\/a>\n\t\t<\/h4>\n\t\t\t\t<div class=\"elementor-post__meta-data\">\n\t\t\t\t\t<span class=\"elementor-post-date\">\n\t\t\t27. February 2026\t\t<\/span>\n\t\t\t\t<\/div>\n\t\t\t\t<div class=\"elementor-post__excerpt\">\n\t\t\t<p>W\u00e4hrend Christen und Muslime Fastenzeit haben, feiern unsere j\u00fcdischen Schwestern und Br\u00fcder vom Abend des 2. M\u00e4rz an ein fr\u00f6hliches, ausgelassenes, karneval\u00e4hnliches Fest mit Verkleidung<\/p>\n\t\t<\/div>\n\t\t\n\t\t<a class=\"elementor-post__read-more\" href=\"https:\/\/carl-humann.de\/en\/happy-purim-3\/\" aria-label=\"Read more about Happy Purim!\" tabindex=\"-1\" >\n\t\t\tWeiterlesen\t\t<\/a>\n\n\t\t\t\t<\/div>\n\t\t\t\t<\/article>\n\t\t\t\t<article class=\"elementor-post elementor-grid-item post-1012877 post type-post status-publish format-standard has-post-thumbnail hentry\" role=\"listitem\">\n\t\t\t\t<a class=\"elementor-post__thumbnail__link\" href=\"https:\/\/carl-humann.de\/en\/humann-tag-am-chg-ausfluege-sozialtraining-und-berufserkundung\/\" tabindex=\"-1\" >\n\t\t\t<div class=\"elementor-post__thumbnail\"><img loading=\"lazy\" decoding=\"async\" width=\"2048\" height=\"1536\" src=\"https:\/\/carl-humann.de\/wp-content\/uploads\/2026\/02\/PHOTO-2026-02-19-07-52-25.jpg\" class=\"attachment-full size-full wp-image-1012874\" alt=\"\" srcset=\"https:\/\/carl-humann.de\/wp-content\/uploads\/2026\/02\/PHOTO-2026-02-19-07-52-25.jpg 2048w, https:\/\/carl-humann.de\/wp-content\/uploads\/2026\/02\/PHOTO-2026-02-19-07-52-25-300x225.jpg 300w, https:\/\/carl-humann.de\/wp-content\/uploads\/2026\/02\/PHOTO-2026-02-19-07-52-25-1024x768.jpg 1024w, https:\/\/carl-humann.de\/wp-content\/uploads\/2026\/02\/PHOTO-2026-02-19-07-52-25-768x576.jpg 768w, https:\/\/carl-humann.de\/wp-content\/uploads\/2026\/02\/PHOTO-2026-02-19-07-52-25-1536x1152.jpg 1536w\" sizes=\"(max-width: 2048px) 100vw, 2048px\" \/><\/div>\n\t\t<\/a>\n\t\t\t\t<div class=\"elementor-post__text\">\n\t\t\t\t<h4 class=\"elementor-post__title\">\n\t\t\t<a href=\"https:\/\/carl-humann.de\/en\/humann-tag-am-chg-ausfluege-sozialtraining-und-berufserkundung\/\" >\n\t\t\t\t\u201eHumann-Tag\u201c am CHG \u2013 Ausfl\u00fcge, Sozialtraining und Berufserkundung\t\t\t<\/a>\n\t\t<\/h4>\n\t\t\t\t<div class=\"elementor-post__meta-data\">\n\t\t\t\t\t<span class=\"elementor-post-date\">\n\t\t\t23. February 2026\t\t<\/span>\n\t\t\t\t<\/div>\n\t\t\t\t<div class=\"elementor-post__excerpt\">\n\t\t\t<p>Der \u201eHumann-Tag\u201c am CHG hat sich mittlerweile etabliert. Passend zum Beginn des zweiten Halbjahrs \u00f6ffnet er den Blick f\u00fcr Neues \u2013 insbesondere f\u00fcr das, was<\/p>\n\t\t<\/div>\n\t\t\n\t\t<a class=\"elementor-post__read-more\" href=\"https:\/\/carl-humann.de\/en\/humann-tag-am-chg-ausfluege-sozialtraining-und-berufserkundung\/\" aria-label=\"Read more about \u201eHumann-Tag\u201c am CHG \u2013 Ausfl\u00fcge, Sozialtraining und Berufserkundung\" tabindex=\"-1\" >\n\t\t\tWeiterlesen\t\t<\/a>\n\n\t\t\t\t<\/div>\n\t\t\t\t<\/article>\n\t\t\t\t<article class=\"elementor-post elementor-grid-item post-1012860 post type-post status-publish format-standard has-post-thumbnail hentry\" role=\"listitem\">\n\t\t\t\t<a class=\"elementor-post__thumbnail__link\" href=\"https:\/\/carl-humann.de\/en\/aus-dem-englischunterricht-der-6c\/\" tabindex=\"-1\" >\n\t\t\t<div class=\"elementor-post__thumbnail\"><img loading=\"lazy\" decoding=\"async\" width=\"2560\" height=\"1920\" src=\"https:\/\/carl-humann.de\/wp-content\/uploads\/2026\/02\/IMG_3011-scaled.jpg\" class=\"attachment-full size-full wp-image-1012859\" alt=\"\" srcset=\"https:\/\/carl-humann.de\/wp-content\/uploads\/2026\/02\/IMG_3011-scaled.jpg 2560w, https:\/\/carl-humann.de\/wp-content\/uploads\/2026\/02\/IMG_3011-300x225.jpg 300w, https:\/\/carl-humann.de\/wp-content\/uploads\/2026\/02\/IMG_3011-1024x768.jpg 1024w, https:\/\/carl-humann.de\/wp-content\/uploads\/2026\/02\/IMG_3011-768x576.jpg 768w, https:\/\/carl-humann.de\/wp-content\/uploads\/2026\/02\/IMG_3011-1536x1152.jpg 1536w, https:\/\/carl-humann.de\/wp-content\/uploads\/2026\/02\/IMG_3011-2048x1536.jpg 2048w\" sizes=\"(max-width: 2560px) 100vw, 2560px\" \/><\/div>\n\t\t<\/a>\n\t\t\t\t<div class=\"elementor-post__text\">\n\t\t\t\t<h4 class=\"elementor-post__title\">\n\t\t\t<a href=\"https:\/\/carl-humann.de\/en\/aus-dem-englischunterricht-der-6c\/\" >\n\t\t\t\tAus dem Englischunterricht der 6c\t\t\t<\/a>\n\t\t<\/h4>\n\t\t\t\t<div class=\"elementor-post__meta-data\">\n\t\t\t\t\t<span class=\"elementor-post-date\">\n\t\t\t23. February 2026\t\t<\/span>\n\t\t\t\t<\/div>\n\t\t\t\t<div class=\"elementor-post__excerpt\">\n\t\t\t<p>Ein gro\u00dfes Thema in Klasse 6 \u00a0ist es, im Englischunterricht die unregelm\u00e4\u00dfigen Verben zu lernen. Zun\u00e4chst im simple past. Die Klasse 6c hat verschiedene Methoden<\/p>\n\t\t<\/div>\n\t\t\n\t\t<a class=\"elementor-post__read-more\" href=\"https:\/\/carl-humann.de\/en\/aus-dem-englischunterricht-der-6c\/\" aria-label=\"Read more about Aus dem Englischunterricht der 6c\" tabindex=\"-1\" >\n\t\t\tWeiterlesen\t\t<\/a>\n\n\t\t\t\t<\/div>\n\t\t\t\t<\/article>\n\t\t\t\t<article class=\"elementor-post elementor-grid-item post-1012850 post type-post status-publish format-standard has-post-thumbnail hentry category-erasmus-en\" role=\"listitem\">\n\t\t\t\t<a class=\"elementor-post__thumbnail__link\" href=\"https:\/\/carl-humann.de\/en\/qualitaetssiegel-2025-erasmus-am-chg-erneut-ausgezeichnet\/\" tabindex=\"-1\" >\n\t\t\t<div class=\"elementor-post__thumbnail\"><img loading=\"lazy\" decoding=\"async\" width=\"600\" height=\"375\" src=\"https:\/\/carl-humann.de\/wp-content\/uploads\/2026\/02\/image2-10.jpeg\" class=\"attachment-full size-full wp-image-1012844\" alt=\"\" srcset=\"https:\/\/carl-humann.de\/wp-content\/uploads\/2026\/02\/image2-10.jpeg 600w, https:\/\/carl-humann.de\/wp-content\/uploads\/2026\/02\/image2-10-300x188.jpeg 300w\" sizes=\"(max-width: 600px) 100vw, 600px\" \/><\/div>\n\t\t<\/a>\n\t\t\t\t<div class=\"elementor-post__text\">\n\t\t\t\t<h4 class=\"elementor-post__title\">\n\t\t\t<a href=\"https:\/\/carl-humann.de\/en\/qualitaetssiegel-2025-erasmus-am-chg-erneut-ausgezeichnet\/\" >\n\t\t\t\tQualit\u00e4tssiegel 2025 \u2013 ERASMUS+ am CHG erneut ausgezeichnet\t\t\t<\/a>\n\t\t<\/h4>\n\t\t\t\t<div class=\"elementor-post__meta-data\">\n\t\t\t\t\t<span class=\"elementor-post-date\">\n\t\t\t23. February 2026\t\t<\/span>\n\t\t\t\t<\/div>\n\t\t\t\t<div class=\"elementor-post__excerpt\">\n\t\t\t<p>Wir freuen uns sehr: Nach der Auszeichnung im vergangenen Jahr wurde unser ERASMUS+-Programm erneut gew\u00fcrdigt \u2013 das Carl-Humann-Gymnasium tr\u00e4gt nun auch das Qualit\u00e4tssiegel 2025! Bereits<\/p>\n\t\t<\/div>\n\t\t\n\t\t<a class=\"elementor-post__read-more\" href=\"https:\/\/carl-humann.de\/en\/qualitaetssiegel-2025-erasmus-am-chg-erneut-ausgezeichnet\/\" aria-label=\"Read more about Qualit\u00e4tssiegel 2025 \u2013 ERASMUS+ am CHG erneut ausgezeichnet\" tabindex=\"-1\" >\n\t\t\tWeiterlesen\t\t<\/a>\n\n\t\t\t\t<\/div>\n\t\t\t\t<\/article>\n\t\t\t\t<article class=\"elementor-post elementor-grid-item post-1012834 post type-post status-publish format-standard has-post-thumbnail hentry\" role=\"listitem\">\n\t\t\t\t<a class=\"elementor-post__thumbnail__link\" href=\"https:\/\/carl-humann.de\/en\/gesegnete-fastenzeit\/\" tabindex=\"-1\" >\n\t\t\t<div class=\"elementor-post__thumbnail\"><img loading=\"lazy\" decoding=\"async\" width=\"1024\" height=\"768\" src=\"https:\/\/carl-humann.de\/wp-content\/uploads\/2026\/02\/1Fastenzeit7.jpg\" class=\"attachment-full size-full wp-image-1012824\" alt=\"\" srcset=\"https:\/\/carl-humann.de\/wp-content\/uploads\/2026\/02\/1Fastenzeit7.jpg 1024w, https:\/\/carl-humann.de\/wp-content\/uploads\/2026\/02\/1Fastenzeit7-300x225.jpg 300w, https:\/\/carl-humann.de\/wp-content\/uploads\/2026\/02\/1Fastenzeit7-768x576.jpg 768w\" sizes=\"(max-width: 1024px) 100vw, 1024px\" \/><\/div>\n\t\t<\/a>\n\t\t\t\t<div class=\"elementor-post__text\">\n\t\t\t\t<h4 class=\"elementor-post__title\">\n\t\t\t<a href=\"https:\/\/carl-humann.de\/en\/gesegnete-fastenzeit\/\" >\n\t\t\t\tGesegnete Fastenzeit!\t\t\t<\/a>\n\t\t<\/h4>\n\t\t\t\t<div class=\"elementor-post__meta-data\">\n\t\t\t\t\t<span class=\"elementor-post-date\">\n\t\t\t18. February 2026\t\t<\/span>\n\t\t\t\t<\/div>\n\t\t\t\t<div class=\"elementor-post__excerpt\">\n\t\t\t<p>In diesem Jahr fasten Christen und Muslime ab dem 18. Februar gleichzeitig- die Christen vierzig Tage lang bis Ostern, die Muslime einen Monat lang bis<\/p>\n\t\t<\/div>\n\t\t\n\t\t<a class=\"elementor-post__read-more\" href=\"https:\/\/carl-humann.de\/en\/gesegnete-fastenzeit\/\" aria-label=\"Read more about Gesegnete Fastenzeit!\" tabindex=\"-1\" >\n\t\t\tWeiterlesen\t\t<\/a>\n\n\t\t\t\t<\/div>\n\t\t\t\t<\/article>\n\t\t\t\t<\/div>\n\t\t\t\t\t<span class=\"e-load-more-spinner\">\n\t\t\t\t<i aria-hidden=\"true\" class=\"fas fa-spinner\"><\/i>\t\t\t<\/span>\n\t\t\n\t\t\t\t<div class=\"e-load-more-anchor\" data-page=\"1\" data-max-page=\"16\" data-next-page=\"https:\/\/carl-humann.de\/en\/wp-json\/wp\/v2\/pages\/1005897\/page\/2\/\"><\/div>\n\t\t\t\t<div class=\"elementor-button-wrapper\">\n\t\t\t<a class=\"elementor-button elementor-size-sm\" role=\"button\">\n\t\t\t\t\t\t<span class=\"elementor-button-content-wrapper\">\n\t\t\t\t\t\t\t\t\t<span class=\"elementor-button-text\">Weitere Artikel laden<\/span>\n\t\t\t\t\t<\/span>\n\t\t\t\t\t<\/a>\n\t\t<\/div>\n\t\t\t\t<div class=\"e-load-more-message\"><\/div>\n\t\t\t\t\t\t<\/div>\n\t\t\t\t<\/div>\n\t\t\t\t<div class=\"elementor-element elementor-element-972cbdb elementor-widget-divider--view-line elementor-widget elementor-widget-divider\" data-id=\"972cbdb\" data-element_type=\"widget\" data-e-type=\"widget\" data-widget_type=\"divider.default\">\n\t\t\t\t<div class=\"elementor-widget-container\">\n\t\t\t\t\t\t\t<div class=\"elementor-divider\">\n\t\t\t<span class=\"elementor-divider-separator\">\n\t\t\t\t\t\t<\/span>\n\t\t<\/div>\n\t\t\t\t\t\t<\/div>\n\t\t\t\t<\/div>\n\t\t\t\t<section class=\"elementor-section elementor-inner-section elementor-element elementor-element-3994695 elementor-section-boxed elementor-section-height-default elementor-section-height-default\" data-id=\"3994695\" data-element_type=\"section\" data-e-type=\"section\">\n\t\t\t\t\t\t<div class=\"elementor-container elementor-column-gap-default\">\n\t\t\t\t\t<div class=\"elementor-column elementor-col-50 elementor-inner-column elementor-element elementor-element-1c7ce8f\" data-id=\"1c7ce8f\" data-element_type=\"column\" data-e-type=\"column\">\n\t\t\t<div class=\"elementor-widget-wrap elementor-element-populated\">\n\t\t\t\t\t\t<div class=\"elementor-element elementor-element-9bcecd6 elementor-widget elementor-widget-heading\" data-id=\"9bcecd6\" data-element_type=\"widget\" data-e-type=\"widget\" data-widget_type=\"heading.default\">\n\t\t\t\t<div class=\"elementor-widget-container\">\n\t\t\t\t\t<h2 class=\"elementor-heading-title elementor-size-default\">Volleyball-WM in Bat Yam 2023<\/h2>\t\t\t\t<\/div>\n\t\t\t\t<\/div>\n\t\t\t\t<div class=\"elementor-element elementor-element-f44d5f8 elementor-widget elementor-widget-button\" data-id=\"f44d5f8\" data-element_type=\"widget\" data-e-type=\"widget\" data-widget_type=\"button.default\">\n\t\t\t\t<div class=\"elementor-widget-container\">\n\t\t\t\t\t\t\t\t\t<div class=\"elementor-button-wrapper\">\n\t\t\t\t\t<a class=\"elementor-button elementor-button-link elementor-size-sm\" href=\"https:\/\/carl-humann.de\/volleyball-weltmeisterschaft-2023-in-bat-yam\/\">\n\t\t\t\t\t\t<span class=\"elementor-button-content-wrapper\">\n\t\t\t\t\t\t\t\t\t<span class=\"elementor-button-text\">Zum Bericht -&gt;<\/span>\n\t\t\t\t\t<\/span>\n\t\t\t\t\t<\/a>\n\t\t\t\t<\/div>\n\t\t\t\t\t\t\t\t<\/div>\n\t\t\t\t<\/div>\n\t\t\t\t\t<\/div>\n\t\t<\/div>\n\t\t\t\t<div class=\"elementor-column elementor-col-50 elementor-inner-column elementor-element elementor-element-e9893f2\" data-id=\"e9893f2\" data-element_type=\"column\" data-e-type=\"column\">\n\t\t\t<div class=\"elementor-widget-wrap elementor-element-populated\">\n\t\t\t\t\t\t<div class=\"elementor-element elementor-element-fb681dc elementor-widget elementor-widget-image\" data-id=\"fb681dc\" data-element_type=\"widget\" data-e-type=\"widget\" data-widget_type=\"image.default\">\n\t\t\t\t<div class=\"elementor-widget-container\">\n\t\t\t\t\t\t\t\t\t<div class=\"elementor-image\">\n\t\t\t\t\t\t\t\t\t\t\t\t\t\t\t\t\t\t\t\t\t<img loading=\"lazy\" decoding=\"async\" width=\"1024\" height=\"683\" src=\"https:\/\/carl-humann.de\/wp-content\/uploads\/2023\/05\/IMG_7566-1024x683.jpg\" class=\"attachment-large size-large wp-image-998293\" alt=\"\" srcset=\"https:\/\/carl-humann.de\/wp-content\/uploads\/2023\/05\/IMG_7566-1024x683.jpg 1024w, https:\/\/carl-humann.de\/wp-content\/uploads\/2023\/05\/IMG_7566-300x200.jpg 300w, https:\/\/carl-humann.de\/wp-content\/uploads\/2023\/05\/IMG_7566-768x512.jpg 768w, https:\/\/carl-humann.de\/wp-content\/uploads\/2023\/05\/IMG_7566-1536x1024.jpg 1536w, https:\/\/carl-humann.de\/wp-content\/uploads\/2023\/05\/IMG_7566-2048x1366.jpg 2048w\" sizes=\"(max-width: 1024px) 100vw, 1024px\" \/>\t\t\t\t\t\t\t\t\t\t\t\t\t\t\t\t\t\t\t\t\t\t\t\t<\/div>\n\t\t\t\t\t\t\t\t<\/div>\n\t\t\t\t<\/div>\n\t\t\t\t\t<\/div>\n\t\t<\/div>\n\t\t\t\t\t<\/div>\n\t\t<\/section>\n\t\t\t\t<div class=\"elementor-element elementor-element-025f2b8 elementor-widget-divider--view-line elementor-widget elementor-widget-divider\" data-id=\"025f2b8\" data-element_type=\"widget\" data-e-type=\"widget\" data-widget_type=\"divider.default\">\n\t\t\t\t<div class=\"elementor-widget-container\">\n\t\t\t\t\t\t\t<div class=\"elementor-divider\">\n\t\t\t<span class=\"elementor-divider-separator\">\n\t\t\t\t\t\t<\/span>\n\t\t<\/div>\n\t\t\t\t\t\t<\/div>\n\t\t\t\t<\/div>\n\t\t\t\t<div class=\"elementor-element elementor-element-b19b223 elementor-widget elementor-widget-wp-widget-archives\" data-id=\"b19b223\" data-element_type=\"widget\" data-e-type=\"widget\" data-widget_type=\"wp-widget-archives.default\">\n\t\t\t\t<div class=\"elementor-widget-container\">\n\t\t\t\t\t<h5>Beitrags-Archiv<\/h5>\t\t<label class=\"screen-reader-text\" for=\"archives-dropdown-REPLACE_TO_ID\">Beitrags-Archiv<\/label>\n\t\t<select id=\"archives-dropdown-REPLACE_TO_ID\" name=\"archive-dropdown\">\n\t\t\t\n\t\t\t<option value=\"\">Select Month<\/option>\n\t\t\t\t<option value='https:\/\/carl-humann.de\/en\/2026\/04\/'> April 2026 <\/option>\n\t<option value='https:\/\/carl-humann.de\/en\/2026\/02\/'> February 2026 <\/option>\n\t<option value='https:\/\/carl-humann.de\/en\/2026\/01\/'> January 2026 <\/option>\n\t<option value='https:\/\/carl-humann.de\/en\/2025\/12\/'> December 2025 <\/option>\n\t<option value='https:\/\/carl-humann.de\/en\/2025\/11\/'> November 2025 <\/option>\n\t<option value='https:\/\/carl-humann.de\/en\/2025\/10\/'> October 2025 <\/option>\n\t<option value='https:\/\/carl-humann.de\/en\/2025\/09\/'> September 2025 <\/option>\n\t<option value='https:\/\/carl-humann.de\/en\/2025\/07\/'> July 2025 <\/option>\n\t<option value='https:\/\/carl-humann.de\/en\/2025\/06\/'> June 2025 <\/option>\n\t<option value='https:\/\/carl-humann.de\/en\/2025\/05\/'> May 2025 <\/option>\n\t<option value='https:\/\/carl-humann.de\/en\/2025\/04\/'> April 2025 <\/option>\n\t<option value='https:\/\/carl-humann.de\/en\/2025\/03\/'> March 2025 <\/option>\n\t<option value='https:\/\/carl-humann.de\/en\/2025\/02\/'> February 2025 <\/option>\n\t<option value='https:\/\/carl-humann.de\/en\/2025\/01\/'> January 2025 <\/option>\n\t<option value='https:\/\/carl-humann.de\/en\/2024\/12\/'> December 2024 <\/option>\n\t<option value='https:\/\/carl-humann.de\/en\/2024\/11\/'> November 2024 <\/option>\n\t<option value='https:\/\/carl-humann.de\/en\/2024\/10\/'> October 2024 <\/option>\n\t<option value='https:\/\/carl-humann.de\/en\/2024\/09\/'> September 2024 <\/option>\n\t<option value='https:\/\/carl-humann.de\/en\/2024\/08\/'> August 2024 <\/option>\n\t<option value='https:\/\/carl-humann.de\/en\/2024\/07\/'> July 2024 <\/option>\n\t<option value='https:\/\/carl-humann.de\/en\/2024\/06\/'> June 2024 <\/option>\n\t<option value='https:\/\/carl-humann.de\/en\/2024\/05\/'> May 2024 <\/option>\n\t<option value='https:\/\/carl-humann.de\/en\/2024\/04\/'> April 2024 <\/option>\n\n\t\t<\/select>\n\n\t\t\t<script type=\"text\/javascript\">\n\/* <![CDATA[ *\/\n\n( ( dropdownId ) => {\n\tconst dropdown = document.getElementById( dropdownId );\n\tfunction onSelectChange() {\n\t\tsetTimeout( () => {\n\t\t\tif ( 'escape' === dropdown.dataset.lastkey ) {\n\t\t\t\treturn;\n\t\t\t}\n\t\t\tif ( dropdown.value ) {\n\t\t\t\tdocument.location.href = dropdown.value;\n\t\t\t}\n\t\t}, 250 );\n\t}\n\tfunction onKeyUp( event ) {\n\t\tif ( 'Escape' === event.key ) {\n\t\t\tdropdown.dataset.lastkey = 'escape';\n\t\t} else {\n\t\t\tdelete dropdown.dataset.lastkey;\n\t\t}\n\t}\n\tfunction onClick() {\n\t\tdelete dropdown.dataset.lastkey;\n\t}\n\tdropdown.addEventListener( 'keyup', onKeyUp );\n\tdropdown.addEventListener( 'click', onClick );\n\tdropdown.addEventListener( 'change', onSelectChange );\n})( \"archives-dropdown-REPLACE_TO_ID\" );\n\n\/\/# sourceURL=WP_Widget_Archives%3A%3Awidget\n\/* ]]> *\/\n<\/script>\n\t\t\t\t<\/div>\n\t\t\t\t<\/div>\n\t\t\t\t\t<\/div>\n\t\t<\/div>\n\t\t\t\t\t<\/div>\n\t\t<\/section>\n\t\t\t\t<section class=\"elementor-section elementor-top-section elementor-element elementor-element-3ef5c0d elementor-section-boxed elementor-section-height-default elementor-section-height-default\" data-id=\"3ef5c0d\" data-element_type=\"section\" data-e-type=\"section\">\n\t\t\t\t\t\t<div class=\"elementor-container elementor-column-gap-default\">\n\t\t\t\t\t<div class=\"elementor-column elementor-col-100 elementor-top-column elementor-element elementor-element-287c579\" data-id=\"287c579\" data-element_type=\"column\" data-e-type=\"column\">\n\t\t\t<div class=\"elementor-widget-wrap elementor-element-populated\">\n\t\t\t\t\t\t<div class=\"elementor-element elementor-element-621ac32 elementor-widget elementor-widget-spacer\" data-id=\"621ac32\" data-element_type=\"widget\" data-e-type=\"widget\" data-widget_type=\"spacer.default\">\n\t\t\t\t<div class=\"elementor-widget-container\">\n\t\t\t\t\t\t\t<div class=\"elementor-spacer\">\n\t\t\t<div class=\"elementor-spacer-inner\"><\/div>\n\t\t<\/div>\n\t\t\t\t\t\t<\/div>\n\t\t\t\t<\/div>\n\t\t\t\t\t<\/div>\n\t\t<\/div>\n\t\t\t\t\t<\/div>\n\t\t<\/section>\n\t\t\t\t<section class=\"elementor-section elementor-top-section elementor-element elementor-element-ba585b7 elementor-section-boxed elementor-section-height-default elementor-section-height-default\" data-id=\"ba585b7\" data-element_type=\"section\" data-e-type=\"section\" data-settings=\"{&quot;background_background&quot;:&quot;classic&quot;}\">\n\t\t\t\t\t\t<div class=\"elementor-container elementor-column-gap-default\">\n\t\t\t\t\t<div class=\"elementor-column elementor-col-100 elementor-top-column elementor-element elementor-element-ef4f335\" data-id=\"ef4f335\" data-element_type=\"column\" data-e-type=\"column\">\n\t\t\t<div class=\"elementor-widget-wrap elementor-element-populated\">\n\t\t\t\t\t\t<div class=\"elementor-element elementor-element-1017ef0 elementor-widget elementor-widget-spacer\" data-id=\"1017ef0\" data-element_type=\"widget\" data-e-type=\"widget\" data-widget_type=\"spacer.default\">\n\t\t\t\t<div class=\"elementor-widget-container\">\n\t\t\t\t\t\t\t<div class=\"elementor-spacer\">\n\t\t\t<div class=\"elementor-spacer-inner\"><\/div>\n\t\t<\/div>\n\t\t\t\t\t\t<\/div>\n\t\t\t\t<\/div>\n\t\t\t\t\t<\/div>\n\t\t<\/div>\n\t\t\t\t\t<\/div>\n\t\t<\/section>\n\t\t\t\t<\/div>\n\t\t","protected":false},"excerpt":{"rendered":"<p>Volleyball-WM in Bat Yam 2023 Zum Bericht -&gt;<\/p>\n","protected":false},"author":5,"featured_media":0,"parent":0,"menu_order":0,"comment_status":"closed","ping_status":"closed","template":"","meta":{"inline_featured_image":false,"footnotes":""},"class_list":["post-1005897","page","type-page","status-publish","hentry"],"yoast_head":"<!-- This site is optimized with the Yoast SEO plugin v27.4 - https:\/\/yoast.com\/product\/yoast-seo-wordpress\/ -->\n<title>Stories - Carl-Humann-Gymnasium Essen<\/title>\n<meta name=\"robots\" content=\"index, follow, max-snippet:-1, max-image-preview:large, max-video-preview:-1\" \/>\n<link rel=\"canonical\" href=\"https:\/\/carl-humann.de\/en\/history\/\" \/>\n<meta property=\"og:locale\" content=\"en_US\" \/>\n<meta property=\"og:type\" content=\"article\" \/>\n<meta property=\"og:title\" content=\"Stories - Carl-Humann-Gymnasium Essen\" \/>\n<meta property=\"og:description\" content=\"Volleyball-WM in Bat Yam 2023 Zum Bericht -&gt;\" \/>\n<meta property=\"og:url\" content=\"https:\/\/carl-humann.de\/en\/history\/\" \/>\n<meta property=\"og:site_name\" content=\"Carl-Humann-Gymnasium Essen\" \/>\n<meta property=\"article:modified_time\" content=\"2024-04-24T19:22:12+00:00\" \/>\n<meta property=\"og:image\" content=\"https:\/\/carl-humann.de\/wp-content\/uploads\/2023\/05\/IMG_7566-1024x683.jpg\" \/>\n<meta name=\"twitter:card\" content=\"summary_large_image\" \/>\n<meta name=\"twitter:label1\" content=\"Est. reading time\" \/>\n\t<meta name=\"twitter:data1\" content=\"1 minute\" \/>\n<script type=\"application\/ld+json\" class=\"yoast-schema-graph\">{\"@context\":\"https:\\\/\\\/schema.org\",\"@graph\":[{\"@type\":\"WebPage\",\"@id\":\"https:\\\/\\\/carl-humann.de\\\/en\\\/history\\\/\",\"url\":\"https:\\\/\\\/carl-humann.de\\\/en\\\/history\\\/\",\"name\":\"Stories - Carl-Humann-Gymnasium Essen\",\"isPartOf\":{\"@id\":\"https:\\\/\\\/carl-humann.de\\\/#website\"},\"primaryImageOfPage\":{\"@id\":\"https:\\\/\\\/carl-humann.de\\\/en\\\/history\\\/#primaryimage\"},\"image\":{\"@id\":\"https:\\\/\\\/carl-humann.de\\\/en\\\/history\\\/#primaryimage\"},\"thumbnailUrl\":\"https:\\\/\\\/carl-humann.de\\\/wp-content\\\/uploads\\\/2023\\\/05\\\/IMG_7566-1024x683.jpg\",\"datePublished\":\"2022-03-21T21:07:42+00:00\",\"dateModified\":\"2024-04-24T19:22:12+00:00\",\"breadcrumb\":{\"@id\":\"https:\\\/\\\/carl-humann.de\\\/en\\\/history\\\/#breadcrumb\"},\"inLanguage\":\"en-US\",\"potentialAction\":[{\"@type\":\"ReadAction\",\"target\":[\"https:\\\/\\\/carl-humann.de\\\/en\\\/history\\\/\"]}]},{\"@type\":\"ImageObject\",\"inLanguage\":\"en-US\",\"@id\":\"https:\\\/\\\/carl-humann.de\\\/en\\\/history\\\/#primaryimage\",\"url\":\"https:\\\/\\\/carl-humann.de\\\/wp-content\\\/uploads\\\/2023\\\/05\\\/IMG_7566-1024x683.jpg\",\"contentUrl\":\"https:\\\/\\\/carl-humann.de\\\/wp-content\\\/uploads\\\/2023\\\/05\\\/IMG_7566-1024x683.jpg\"},{\"@type\":\"BreadcrumbList\",\"@id\":\"https:\\\/\\\/carl-humann.de\\\/en\\\/history\\\/#breadcrumb\",\"itemListElement\":[{\"@type\":\"ListItem\",\"position\":1,\"name\":\"Startseite\",\"item\":\"https:\\\/\\\/carl-humann.de\\\/\"},{\"@type\":\"ListItem\",\"position\":2,\"name\":\"Stories\"}]},{\"@type\":\"WebSite\",\"@id\":\"https:\\\/\\\/carl-humann.de\\\/#website\",\"url\":\"https:\\\/\\\/carl-humann.de\\\/\",\"name\":\"Carl-Humann-Gymnasium Essen\",\"description\":\"\",\"publisher\":{\"@id\":\"https:\\\/\\\/carl-humann.de\\\/#organization\"},\"potentialAction\":[{\"@type\":\"SearchAction\",\"target\":{\"@type\":\"EntryPoint\",\"urlTemplate\":\"https:\\\/\\\/carl-humann.de\\\/?s={search_term_string}\"},\"query-input\":{\"@type\":\"PropertyValueSpecification\",\"valueRequired\":true,\"valueName\":\"search_term_string\"}}],\"inLanguage\":\"en-US\"},{\"@type\":\"Organization\",\"@id\":\"https:\\\/\\\/carl-humann.de\\\/#organization\",\"name\":\"Carl-Humann-Gymnasium Essen\",\"url\":\"https:\\\/\\\/carl-humann.de\\\/\",\"logo\":{\"@type\":\"ImageObject\",\"inLanguage\":\"en-US\",\"@id\":\"https:\\\/\\\/carl-humann.de\\\/#\\\/schema\\\/logo\\\/image\\\/\",\"url\":\"https:\\\/\\\/carl-humann.de\\\/wp-content\\\/uploads\\\/2021\\\/09\\\/Logo_1c_222x85mm-1.png\",\"contentUrl\":\"https:\\\/\\\/carl-humann.de\\\/wp-content\\\/uploads\\\/2021\\\/09\\\/Logo_1c_222x85mm-1.png\",\"width\":2622,\"height\":1004,\"caption\":\"Carl-Humann-Gymnasium Essen\"},\"image\":{\"@id\":\"https:\\\/\\\/carl-humann.de\\\/#\\\/schema\\\/logo\\\/image\\\/\"}}]}<\/script>\n<!-- \/ Yoast SEO plugin. -->","yoast_head_json":{"title":"Stories - Carl-Humann-Gymnasium Essen","robots":{"index":"index","follow":"follow","max-snippet":"max-snippet:-1","max-image-preview":"max-image-preview:large","max-video-preview":"max-video-preview:-1"},"canonical":"https:\/\/carl-humann.de\/en\/history\/","og_locale":"en_US","og_type":"article","og_title":"Stories - Carl-Humann-Gymnasium Essen","og_description":"Volleyball-WM in Bat Yam 2023 Zum Bericht -&gt;","og_url":"https:\/\/carl-humann.de\/en\/history\/","og_site_name":"Carl-Humann-Gymnasium Essen","article_modified_time":"2024-04-24T19:22:12+00:00","og_image":[{"url":"https:\/\/carl-humann.de\/wp-content\/uploads\/2023\/05\/IMG_7566-1024x683.jpg","type":"","width":"","height":""}],"twitter_card":"summary_large_image","twitter_misc":{"Est. reading time":"1 minute"},"schema":{"@context":"https:\/\/schema.org","@graph":[{"@type":"WebPage","@id":"https:\/\/carl-humann.de\/en\/history\/","url":"https:\/\/carl-humann.de\/en\/history\/","name":"Stories - Carl-Humann-Gymnasium Essen","isPartOf":{"@id":"https:\/\/carl-humann.de\/#website"},"primaryImageOfPage":{"@id":"https:\/\/carl-humann.de\/en\/history\/#primaryimage"},"image":{"@id":"https:\/\/carl-humann.de\/en\/history\/#primaryimage"},"thumbnailUrl":"https:\/\/carl-humann.de\/wp-content\/uploads\/2023\/05\/IMG_7566-1024x683.jpg","datePublished":"2022-03-21T21:07:42+00:00","dateModified":"2024-04-24T19:22:12+00:00","breadcrumb":{"@id":"https:\/\/carl-humann.de\/en\/history\/#breadcrumb"},"inLanguage":"en-US","potentialAction":[{"@type":"ReadAction","target":["https:\/\/carl-humann.de\/en\/history\/"]}]},{"@type":"ImageObject","inLanguage":"en-US","@id":"https:\/\/carl-humann.de\/en\/history\/#primaryimage","url":"https:\/\/carl-humann.de\/wp-content\/uploads\/2023\/05\/IMG_7566-1024x683.jpg","contentUrl":"https:\/\/carl-humann.de\/wp-content\/uploads\/2023\/05\/IMG_7566-1024x683.jpg"},{"@type":"BreadcrumbList","@id":"https:\/\/carl-humann.de\/en\/history\/#breadcrumb","itemListElement":[{"@type":"ListItem","position":1,"name":"Startseite","item":"https:\/\/carl-humann.de\/"},{"@type":"ListItem","position":2,"name":"Stories"}]},{"@type":"WebSite","@id":"https:\/\/carl-humann.de\/#website","url":"https:\/\/carl-humann.de\/","name":"Carl-Humann-Gymnasium Essen","description":"","publisher":{"@id":"https:\/\/carl-humann.de\/#organization"},"potentialAction":[{"@type":"SearchAction","target":{"@type":"EntryPoint","urlTemplate":"https:\/\/carl-humann.de\/?s={search_term_string}"},"query-input":{"@type":"PropertyValueSpecification","valueRequired":true,"valueName":"search_term_string"}}],"inLanguage":"en-US"},{"@type":"Organization","@id":"https:\/\/carl-humann.de\/#organization","name":"Carl-Humann-Gymnasium Essen","url":"https:\/\/carl-humann.de\/","logo":{"@type":"ImageObject","inLanguage":"en-US","@id":"https:\/\/carl-humann.de\/#\/schema\/logo\/image\/","url":"https:\/\/carl-humann.de\/wp-content\/uploads\/2021\/09\/Logo_1c_222x85mm-1.png","contentUrl":"https:\/\/carl-humann.de\/wp-content\/uploads\/2021\/09\/Logo_1c_222x85mm-1.png","width":2622,"height":1004,"caption":"Carl-Humann-Gymnasium Essen"},"image":{"@id":"https:\/\/carl-humann.de\/#\/schema\/logo\/image\/"}}]}},"_links":{"self":[{"href":"https:\/\/carl-humann.de\/en\/wp-json\/wp\/v2\/pages\/1005897","targetHints":{"allow":["GET"]}}],"collection":[{"href":"https:\/\/carl-humann.de\/en\/wp-json\/wp\/v2\/pages"}],"about":[{"href":"https:\/\/carl-humann.de\/en\/wp-json\/wp\/v2\/types\/page"}],"author":[{"embeddable":true,"href":"https:\/\/carl-humann.de\/en\/wp-json\/wp\/v2\/users\/5"}],"replies":[{"embeddable":true,"href":"https:\/\/carl-humann.de\/en\/wp-json\/wp\/v2\/comments?post=1005897"}],"version-history":[{"count":2,"href":"https:\/\/carl-humann.de\/en\/wp-json\/wp\/v2\/pages\/1005897\/revisions"}],"predecessor-version":[{"id":1006163,"href":"https:\/\/carl-humann.de\/en\/wp-json\/wp\/v2\/pages\/1005897\/revisions\/1006163"}],"wp:attachment":[{"href":"https:\/\/carl-humann.de\/en\/wp-json\/wp\/v2\/media?parent=1005897"}],"curies":[{"name":"wp","href":"https:\/\/api.w.org\/{rel}","templated":true}]}}