{"id":1003251,"date":"2020-11-21T09:54:07","date_gmt":"2020-11-21T08:54:07","guid":{"rendered":"https:\/\/carl-humann.de\/?page_id=1003251"},"modified":"2024-10-06T22:34:31","modified_gmt":"2024-10-06T20:34:31","slug":"school-history","status":"publish","type":"page","link":"https:\/\/carl-humann.de\/en\/school-history\/","title":{"rendered":"SCHOOL HISTORY"},"content":{"rendered":"\t\t<div data-elementor-type=\"wp-page\" data-elementor-id=\"1003251\" class=\"elementor elementor-1003251\" data-elementor-post-type=\"page\">\n\t\t\t\t\t\t<section class=\"elementor-section elementor-top-section elementor-element elementor-element-2dcc6ef elementor-section-height-min-height elementor-section-boxed elementor-section-height-default elementor-section-items-middle\" data-id=\"2dcc6ef\" data-element_type=\"section\" data-e-type=\"section\" data-settings=\"{&quot;background_background&quot;:&quot;classic&quot;}\">\n\t\t\t\t\t\t\t<div class=\"elementor-background-overlay\"><\/div>\n\t\t\t\t\t\t\t<div class=\"elementor-container elementor-column-gap-default\">\n\t\t\t\t\t<div class=\"elementor-column elementor-col-100 elementor-top-column elementor-element elementor-element-387a2b2\" data-id=\"387a2b2\" data-element_type=\"column\" data-e-type=\"column\" data-settings=\"{&quot;background_background&quot;:&quot;classic&quot;}\">\n\t\t\t<div class=\"elementor-widget-wrap\">\n\t\t\t\t\t\t\t<\/div>\n\t\t<\/div>\n\t\t\t\t\t<\/div>\n\t\t<\/section>\n\t\t\t\t<section class=\"elementor-section elementor-top-section elementor-element elementor-element-20d594f elementor-section-boxed elementor-section-height-default elementor-section-height-default\" data-id=\"20d594f\" data-element_type=\"section\" data-e-type=\"section\">\n\t\t\t\t\t\t<div class=\"elementor-container elementor-column-gap-no\">\n\t\t\t\t\t<div class=\"elementor-column elementor-col-50 elementor-top-column elementor-element elementor-element-8edd659 animated-fast elementor-invisible\" data-id=\"8edd659\" data-element_type=\"column\" data-e-type=\"column\" data-settings=\"{&quot;background_background&quot;:&quot;classic&quot;,&quot;animation&quot;:&quot;fadeIn&quot;,&quot;animation_tablet&quot;:&quot;none&quot;,&quot;animation_mobile&quot;:&quot;none&quot;,&quot;animation_delay&quot;:100}\">\n\t\t\t<div class=\"elementor-widget-wrap elementor-element-populated\">\n\t\t\t\t\t\t\t<\/div>\n\t\t<\/div>\n\t\t\t\t<div class=\"elementor-column elementor-col-50 elementor-top-column elementor-element elementor-element-0cff86a elementor-hidden-desktop elementor-hidden-tablet elementor-hidden-phone\" data-id=\"0cff86a\" data-element_type=\"column\" data-e-type=\"column\">\n\t\t\t<div class=\"elementor-widget-wrap\">\n\t\t\t\t\t\t\t<\/div>\n\t\t<\/div>\n\t\t\t\t\t<\/div>\n\t\t<\/section>\n\t\t\t\t<section class=\"elementor-section elementor-top-section elementor-element elementor-element-f206155 elementor-section-content-middle elementor-section-boxed elementor-section-height-default elementor-section-height-default\" data-id=\"f206155\" data-element_type=\"section\" data-e-type=\"section\" data-settings=\"{&quot;animation&quot;:&quot;none&quot;,&quot;animation_tablet&quot;:&quot;none&quot;,&quot;animation_mobile&quot;:&quot;none&quot;,&quot;animation_delay&quot;:200}\">\n\t\t\t\t\t\t<div class=\"elementor-container elementor-column-gap-no\">\n\t\t\t\t\t<div class=\"elementor-column elementor-col-33 elementor-top-column elementor-element elementor-element-6c18fd3\" data-id=\"6c18fd3\" data-element_type=\"column\" data-e-type=\"column\">\n\t\t\t<div class=\"elementor-widget-wrap elementor-element-populated\">\n\t\t\t\t\t\t<div class=\"elementor-element elementor-element-4e5c184 elementor-widget__width-auto elementor-widget elementor-widget-heading\" data-id=\"4e5c184\" data-element_type=\"widget\" data-e-type=\"widget\" data-widget_type=\"heading.default\">\n\t\t\t\t<div class=\"elementor-widget-container\">\n\t\t\t\t\t<h1 class=\"elementor-heading-title elementor-size-default\">300+<\/h1>\t\t\t\t<\/div>\n\t\t\t\t<\/div>\n\t\t\t\t\t<\/div>\n\t\t<\/div>\n\t\t\t\t<div class=\"elementor-column elementor-col-66 elementor-top-column elementor-element elementor-element-e31d8ac\" data-id=\"e31d8ac\" data-element_type=\"column\" data-e-type=\"column\">\n\t\t\t<div class=\"elementor-widget-wrap elementor-element-populated\">\n\t\t\t\t\t\t<div class=\"elementor-element elementor-element-246400e elementor-widget__width-initial elementor-widget-tablet__width-inherit elementor-widget elementor-widget-heading\" data-id=\"246400e\" data-element_type=\"widget\" data-e-type=\"widget\" data-widget_type=\"heading.default\">\n\t\t\t\t<div class=\"elementor-widget-container\">\n\t\t\t\t\t<h2 class=\"elementor-heading-title elementor-size-default\">Years History and Education<\/h2>\t\t\t\t<\/div>\n\t\t\t\t<\/div>\n\t\t\t\t\t<\/div>\n\t\t<\/div>\n\t\t\t\t\t<\/div>\n\t\t<\/section>\n\t\t\t\t<section class=\"elementor-section elementor-top-section elementor-element elementor-element-9c4bdaf elementor-section-boxed elementor-section-height-default elementor-section-height-default\" data-id=\"9c4bdaf\" data-element_type=\"section\" data-e-type=\"section\">\n\t\t\t\t\t\t<div class=\"elementor-container elementor-column-gap-default\">\n\t\t\t\t\t<div class=\"elementor-column elementor-col-50 elementor-top-column elementor-element elementor-element-a4786c5\" data-id=\"a4786c5\" data-element_type=\"column\" data-e-type=\"column\">\n\t\t\t<div class=\"elementor-widget-wrap elementor-element-populated\">\n\t\t\t\t\t\t<div class=\"elementor-element elementor-element-719553c elementor-widget elementor-widget-text-editor\" data-id=\"719553c\" data-element_type=\"widget\" data-e-type=\"widget\" data-widget_type=\"text-editor.default\">\n\t\t\t\t<div class=\"elementor-widget-container\">\n\t\t\t\t\t\t\t\t\t<p style=\"font-weight: 400;\"><strong>The history of our school begins over 300 years ago with a Latin school, which the Catholic pastor Leo Hertiger, who worked in Steele, founded in 1697 with his own money.<\/strong><\/p><p style=\"font-weight: 400;\">In October 1854, the Latin school, which had hitherto been tied to the church, was rededicated to a secular rector&#8217;s school. Students who already knew Latin were prepared here by additional lessons for attending the grammar school.<\/p><p style=\"font-weight: 400;\">The increasing coal mining on the Ruhr also provided new jobs in the then still independent town of Steele. The population was increasing and had increased tenfold by the end of the 19th century. As a result, the number of pupils was also increasing. The Steeler city council decided to build a new school. In 1877, the rector&#8217;s school moved to the building of today&#8217;s &#8220;Grend&#8221; on the corner of Westfalenstra\u00dfe and Pa\u00dfstra\u00dfe.<\/p>\t\t\t\t\t\t\t\t<\/div>\n\t\t\t\t<\/div>\n\t\t\t\t\t<\/div>\n\t\t<\/div>\n\t\t\t\t<div class=\"elementor-column elementor-col-50 elementor-top-column elementor-element elementor-element-7420bbb\" data-id=\"7420bbb\" data-element_type=\"column\" data-e-type=\"column\">\n\t\t\t<div class=\"elementor-widget-wrap elementor-element-populated\">\n\t\t\t\t\t\t<div class=\"elementor-element elementor-element-1d5380b elementor-widget elementor-widget-spacer\" data-id=\"1d5380b\" data-element_type=\"widget\" data-e-type=\"widget\" data-widget_type=\"spacer.default\">\n\t\t\t\t<div class=\"elementor-widget-container\">\n\t\t\t\t\t\t\t<div class=\"elementor-spacer\">\n\t\t\t<div class=\"elementor-spacer-inner\"><\/div>\n\t\t<\/div>\n\t\t\t\t\t\t<\/div>\n\t\t\t\t<\/div>\n\t\t\t\t<div class=\"elementor-element elementor-element-08fec87 elementor-widget elementor-widget-image\" data-id=\"08fec87\" data-element_type=\"widget\" data-e-type=\"widget\" data-widget_type=\"image.default\">\n\t\t\t\t<div class=\"elementor-widget-container\">\n\t\t\t\t\t\t\t\t\t<div class=\"elementor-image\">\n\t\t\t\t\t\t\t\t\t\t\t\t\t\t\t\t\t\t\t\t\t<img fetchpriority=\"high\" decoding=\"async\" width=\"1024\" height=\"639\" src=\"https:\/\/carl-humann.de\/wp-content\/uploads\/2022\/10\/Bildschirmfoto-2022-10-07-um-09.33.20-1024x639.jpg\" class=\"attachment-large size-large wp-image-990203\" alt=\"\" srcset=\"https:\/\/carl-humann.de\/wp-content\/uploads\/2022\/10\/Bildschirmfoto-2022-10-07-um-09.33.20-1024x639.jpg 1024w, https:\/\/carl-humann.de\/wp-content\/uploads\/2022\/10\/Bildschirmfoto-2022-10-07-um-09.33.20-300x187.jpg 300w, https:\/\/carl-humann.de\/wp-content\/uploads\/2022\/10\/Bildschirmfoto-2022-10-07-um-09.33.20-768x479.jpg 768w, https:\/\/carl-humann.de\/wp-content\/uploads\/2022\/10\/Bildschirmfoto-2022-10-07-um-09.33.20-1536x958.jpg 1536w, https:\/\/carl-humann.de\/wp-content\/uploads\/2022\/10\/Bildschirmfoto-2022-10-07-um-09.33.20-2048x1278.jpg 2048w\" sizes=\"(max-width: 1024px) 100vw, 1024px\" \/>\t\t\t\t\t\t\t\t\t\t\t\t\t\t\t\t\t\t\t\t\t\t\t\t<\/div>\n\t\t\t\t\t\t\t\t<\/div>\n\t\t\t\t<\/div>\n\t\t\t\t\t<\/div>\n\t\t<\/div>\n\t\t\t\t\t<\/div>\n\t\t<\/section>\n\t\t\t\t<section class=\"elementor-section elementor-top-section elementor-element elementor-element-34a5264 elementor-section-boxed elementor-section-height-default elementor-section-height-default\" data-id=\"34a5264\" data-element_type=\"section\" data-e-type=\"section\">\n\t\t\t\t\t\t<div class=\"elementor-container elementor-column-gap-default\">\n\t\t\t\t\t<div class=\"elementor-column elementor-col-50 elementor-top-column elementor-element elementor-element-e0e61bf\" data-id=\"e0e61bf\" data-element_type=\"column\" data-e-type=\"column\">\n\t\t\t<div class=\"elementor-widget-wrap elementor-element-populated\">\n\t\t\t\t\t\t<div class=\"elementor-element elementor-element-efd148f elementor-widget elementor-widget-image\" data-id=\"efd148f\" data-element_type=\"widget\" data-e-type=\"widget\" data-widget_type=\"image.default\">\n\t\t\t\t<div class=\"elementor-widget-container\">\n\t\t\t\t\t\t\t\t\t<div class=\"elementor-image\">\n\t\t\t\t\t\t\t\t\t\t\t\t\t\t\t\t\t\t\t\t\t<img decoding=\"async\" width=\"1024\" height=\"791\" src=\"https:\/\/carl-humann.de\/wp-content\/uploads\/2022\/10\/Bildschirmfoto-2022-10-07-um-09.33.54-1024x791.jpg\" class=\"attachment-large size-large wp-image-990204\" alt=\"\" srcset=\"https:\/\/carl-humann.de\/wp-content\/uploads\/2022\/10\/Bildschirmfoto-2022-10-07-um-09.33.54-1024x791.jpg 1024w, https:\/\/carl-humann.de\/wp-content\/uploads\/2022\/10\/Bildschirmfoto-2022-10-07-um-09.33.54-300x232.jpg 300w, https:\/\/carl-humann.de\/wp-content\/uploads\/2022\/10\/Bildschirmfoto-2022-10-07-um-09.33.54-768x594.jpg 768w, https:\/\/carl-humann.de\/wp-content\/uploads\/2022\/10\/Bildschirmfoto-2022-10-07-um-09.33.54-1536x1187.jpg 1536w, https:\/\/carl-humann.de\/wp-content\/uploads\/2022\/10\/Bildschirmfoto-2022-10-07-um-09.33.54-2048x1583.jpg 2048w\" sizes=\"(max-width: 1024px) 100vw, 1024px\" \/>\t\t\t\t\t\t\t\t\t\t\t\t\t\t\t\t\t\t\t\t\t\t\t\t<\/div>\n\t\t\t\t\t\t\t\t<\/div>\n\t\t\t\t<\/div>\n\t\t\t\t\t<\/div>\n\t\t<\/div>\n\t\t\t\t<div class=\"elementor-column elementor-col-50 elementor-top-column elementor-element elementor-element-b6aa3bc\" data-id=\"b6aa3bc\" data-element_type=\"column\" data-e-type=\"column\">\n\t\t\t<div class=\"elementor-widget-wrap elementor-element-populated\">\n\t\t\t\t\t\t<div class=\"elementor-element elementor-element-790306e elementor-widget elementor-widget-spacer\" data-id=\"790306e\" data-element_type=\"widget\" data-e-type=\"widget\" data-widget_type=\"spacer.default\">\n\t\t\t\t<div class=\"elementor-widget-container\">\n\t\t\t\t\t\t\t<div class=\"elementor-spacer\">\n\t\t\t<div class=\"elementor-spacer-inner\"><\/div>\n\t\t<\/div>\n\t\t\t\t\t\t<\/div>\n\t\t\t\t<\/div>\n\t\t\t\t<div class=\"elementor-element elementor-element-2ebe571 elementor-widget elementor-widget-text-editor\" data-id=\"2ebe571\" data-element_type=\"widget\" data-e-type=\"widget\" data-widget_type=\"text-editor.default\">\n\t\t\t\t<div class=\"elementor-widget-container\">\n\t\t\t\t\t\t\t\t\t<p style=\"font-weight: 400;\">Towards the end of the 19th century, the school was expanded into a \u201eProgymnasium\u201c and became a \u201eVollgymnasium\u201c \u2013 High School\/ Grammar School &#8211;\u00a0 in 1901. At Easter 1904, the first eight students took their first Abitur there.<\/p><p style=\"font-weight: 400;\">After three years of planning and construction, in May of the same year we moved into an urgently needed new building on Laurentiusweg, which still forms the main building of our school today.<\/p><p style=\"font-weight: 400;\">In 1954, the Carl-Humann Gymnasium received permission to introduce mathematical-scientific subjects. For this purpose, a three-storey extension was approved, which has been used for teaching purposes since 1957.\u00a0<\/p>\t\t\t\t\t\t\t\t<\/div>\n\t\t\t\t<\/div>\n\t\t\t\t\t<\/div>\n\t\t<\/div>\n\t\t\t\t\t<\/div>\n\t\t<\/section>\n\t\t\t\t<section class=\"elementor-section elementor-top-section elementor-element elementor-element-3fc6ba1 elementor-section-boxed elementor-section-height-default elementor-section-height-default\" data-id=\"3fc6ba1\" data-element_type=\"section\" data-e-type=\"section\">\n\t\t\t\t\t\t<div class=\"elementor-container elementor-column-gap-default\">\n\t\t\t\t\t<div class=\"elementor-column elementor-col-50 elementor-top-column elementor-element elementor-element-69eb17b\" data-id=\"69eb17b\" data-element_type=\"column\" data-e-type=\"column\">\n\t\t\t<div class=\"elementor-widget-wrap elementor-element-populated\">\n\t\t\t\t\t\t<div class=\"elementor-element elementor-element-edb0eea elementor-widget elementor-widget-text-editor\" data-id=\"edb0eea\" data-element_type=\"widget\" data-e-type=\"widget\" data-widget_type=\"text-editor.default\">\n\t\t\t\t<div class=\"elementor-widget-container\">\n\t\t\t\t\t\t\t\t\t<p style=\"font-weight: 400;\">In 1988, another building was added, but it was located 1.3 kilometers from the main building: the so-called Dependance, our outbuilding on Jacob-Weber-Stra\u00dfe. Here, the students of classes 5 and 6\u00a0 (introductory level) are completely among themselves, have their own schoolyard, their very own classrooms.<\/p><p style=\"font-weight: 400;\">Today, more than 1000 students are taught by over 80 male and female teachers at the Carl-Humann Gymnasium.<\/p><p style=\"font-weight: 400;\">This was not always the case. At the end of the 1960s, the first female teachers were added. And from 1972 onwards, girls were also admitted to joint lessons with the boys.<\/p><p style=\"font-weight: 400;\">Today, a colourful, international and cosmopolitan community of pupils and teachers learns and works together at our school. Through the European school support programme &#8220;Erasmus+&#8221; we are also in close contact and exchange with schools in Norway, Poland, Italy, France and Spain.<\/p>\t\t\t\t\t\t\t\t<\/div>\n\t\t\t\t<\/div>\n\t\t\t\t\t<\/div>\n\t\t<\/div>\n\t\t\t\t<div class=\"elementor-column elementor-col-50 elementor-top-column elementor-element elementor-element-d3a7de5\" data-id=\"d3a7de5\" data-element_type=\"column\" data-e-type=\"column\">\n\t\t\t<div class=\"elementor-widget-wrap elementor-element-populated\">\n\t\t\t\t\t\t<div class=\"elementor-element elementor-element-f64bca5 elementor-widget elementor-widget-spacer\" data-id=\"f64bca5\" data-element_type=\"widget\" data-e-type=\"widget\" data-widget_type=\"spacer.default\">\n\t\t\t\t<div class=\"elementor-widget-container\">\n\t\t\t\t\t\t\t<div class=\"elementor-spacer\">\n\t\t\t<div class=\"elementor-spacer-inner\"><\/div>\n\t\t<\/div>\n\t\t\t\t\t\t<\/div>\n\t\t\t\t<\/div>\n\t\t\t\t<div class=\"elementor-element elementor-element-22c81f0 elementor-widget elementor-widget-image\" data-id=\"22c81f0\" data-element_type=\"widget\" data-e-type=\"widget\" data-widget_type=\"image.default\">\n\t\t\t\t<div class=\"elementor-widget-container\">\n\t\t\t\t\t\t\t\t\t<div class=\"elementor-image\">\n\t\t\t\t\t\t\t\t\t\t\t\t\t\t\t\t\t\t\t\t\t<img decoding=\"async\" width=\"1024\" height=\"683\" src=\"https:\/\/carl-humann.de\/wp-content\/uploads\/2022\/10\/L1000283-1024x683.jpg\" class=\"attachment-large size-large wp-image-990205\" alt=\"\" srcset=\"https:\/\/carl-humann.de\/wp-content\/uploads\/2022\/10\/L1000283-1024x683.jpg 1024w, https:\/\/carl-humann.de\/wp-content\/uploads\/2022\/10\/L1000283-300x200.jpg 300w, https:\/\/carl-humann.de\/wp-content\/uploads\/2022\/10\/L1000283-768x512.jpg 768w, https:\/\/carl-humann.de\/wp-content\/uploads\/2022\/10\/L1000283-1536x1025.jpg 1536w, https:\/\/carl-humann.de\/wp-content\/uploads\/2022\/10\/L1000283.jpg 1920w\" sizes=\"(max-width: 1024px) 100vw, 1024px\" \/>\t\t\t\t\t\t\t\t\t\t\t\t\t\t\t\t\t\t\t\t\t\t\t\t<\/div>\n\t\t\t\t\t\t\t\t<\/div>\n\t\t\t\t<\/div>\n\t\t\t\t\t<\/div>\n\t\t<\/div>\n\t\t\t\t\t<\/div>\n\t\t<\/section>\n\t\t\t\t<section class=\"elementor-section elementor-top-section elementor-element elementor-element-0975bfb elementor-section-boxed elementor-section-height-default elementor-section-height-default\" data-id=\"0975bfb\" data-element_type=\"section\" data-e-type=\"section\">\n\t\t\t\t\t\t<div class=\"elementor-container elementor-column-gap-default\">\n\t\t\t\t\t<div class=\"elementor-column elementor-col-50 elementor-top-column elementor-element elementor-element-66089a7\" data-id=\"66089a7\" data-element_type=\"column\" data-e-type=\"column\">\n\t\t\t<div class=\"elementor-widget-wrap elementor-element-populated\">\n\t\t\t\t\t\t<div class=\"elementor-element elementor-element-be44432 elementor-widget elementor-widget-image\" data-id=\"be44432\" data-element_type=\"widget\" data-e-type=\"widget\" data-widget_type=\"image.default\">\n\t\t\t\t<div class=\"elementor-widget-container\">\n\t\t\t\t\t\t\t\t\t<div class=\"elementor-image\">\n\t\t\t\t\t\t\t\t\t\t\t\t\t\t\t\t\t\t\t\t\t<img loading=\"lazy\" decoding=\"async\" width=\"1024\" height=\"679\" src=\"https:\/\/carl-humann.de\/wp-content\/uploads\/2022\/10\/Bildschirmfoto-2022-10-07-um-09.35.17-1024x679.jpg\" class=\"attachment-large size-large wp-image-990209\" alt=\"\" srcset=\"https:\/\/carl-humann.de\/wp-content\/uploads\/2022\/10\/Bildschirmfoto-2022-10-07-um-09.35.17-1024x679.jpg 1024w, https:\/\/carl-humann.de\/wp-content\/uploads\/2022\/10\/Bildschirmfoto-2022-10-07-um-09.35.17-300x199.jpg 300w, https:\/\/carl-humann.de\/wp-content\/uploads\/2022\/10\/Bildschirmfoto-2022-10-07-um-09.35.17-768x509.jpg 768w, https:\/\/carl-humann.de\/wp-content\/uploads\/2022\/10\/Bildschirmfoto-2022-10-07-um-09.35.17-1536x1019.jpg 1536w, https:\/\/carl-humann.de\/wp-content\/uploads\/2022\/10\/Bildschirmfoto-2022-10-07-um-09.35.17-2048x1358.jpg 2048w\" sizes=\"(max-width: 1024px) 100vw, 1024px\" \/>\t\t\t\t\t\t\t\t\t\t\t\t\t\t\t\t\t\t\t\t\t\t\t\t<\/div>\n\t\t\t\t\t\t\t\t<\/div>\n\t\t\t\t<\/div>\n\t\t\t\t<div class=\"elementor-element elementor-element-e8b18a6 elementor-widget elementor-widget-image\" data-id=\"e8b18a6\" data-element_type=\"widget\" data-e-type=\"widget\" data-widget_type=\"image.default\">\n\t\t\t\t<div class=\"elementor-widget-container\">\n\t\t\t\t\t\t\t\t\t<div class=\"elementor-image\">\n\t\t\t\t\t\t\t\t\t\t\t\t\t\t\t\t\t\t\t\t\t<img loading=\"lazy\" decoding=\"async\" width=\"1024\" height=\"679\" src=\"https:\/\/carl-humann.de\/wp-content\/uploads\/2022\/10\/Bildschirmfoto-2022-10-07-um-09.35.56-1024x679.jpg\" class=\"attachment-large size-large wp-image-990208\" alt=\"\" srcset=\"https:\/\/carl-humann.de\/wp-content\/uploads\/2022\/10\/Bildschirmfoto-2022-10-07-um-09.35.56-1024x679.jpg 1024w, https:\/\/carl-humann.de\/wp-content\/uploads\/2022\/10\/Bildschirmfoto-2022-10-07-um-09.35.56-300x199.jpg 300w, https:\/\/carl-humann.de\/wp-content\/uploads\/2022\/10\/Bildschirmfoto-2022-10-07-um-09.35.56-768x509.jpg 768w, https:\/\/carl-humann.de\/wp-content\/uploads\/2022\/10\/Bildschirmfoto-2022-10-07-um-09.35.56-1536x1019.jpg 1536w, https:\/\/carl-humann.de\/wp-content\/uploads\/2022\/10\/Bildschirmfoto-2022-10-07-um-09.35.56-2048x1359.jpg 2048w\" sizes=\"(max-width: 1024px) 100vw, 1024px\" \/>\t\t\t\t\t\t\t\t\t\t\t\t\t\t\t\t\t\t\t\t\t\t\t\t<\/div>\n\t\t\t\t\t\t\t\t<\/div>\n\t\t\t\t<\/div>\n\t\t\t\t\t<\/div>\n\t\t<\/div>\n\t\t\t\t<div class=\"elementor-column elementor-col-50 elementor-top-column elementor-element elementor-element-53b2488\" data-id=\"53b2488\" data-element_type=\"column\" data-e-type=\"column\">\n\t\t\t<div class=\"elementor-widget-wrap elementor-element-populated\">\n\t\t\t\t\t\t<div class=\"elementor-element elementor-element-ca099a3 elementor-widget elementor-widget-spacer\" data-id=\"ca099a3\" data-element_type=\"widget\" data-e-type=\"widget\" data-widget_type=\"spacer.default\">\n\t\t\t\t<div class=\"elementor-widget-container\">\n\t\t\t\t\t\t\t<div class=\"elementor-spacer\">\n\t\t\t<div class=\"elementor-spacer-inner\"><\/div>\n\t\t<\/div>\n\t\t\t\t\t\t<\/div>\n\t\t\t\t<\/div>\n\t\t\t\t<div class=\"elementor-element elementor-element-169ed05 elementor-widget elementor-widget-text-editor\" data-id=\"169ed05\" data-element_type=\"widget\" data-e-type=\"widget\" data-widget_type=\"text-editor.default\">\n\t\t\t\t<div class=\"elementor-widget-container\">\n\t\t\t\t\t\t\t\t\t<p style=\"font-weight: 400;\">Our school is named after the engineer and archaeologist Carl Humann, born in Steele on January 4, 1839. The school has borne his name since 1935, which is also cast in stone above the entrance. The first name ,Carl, is written with a &#8220;K&#8221; above the school portal. This spelling is due to the National Socialist ideology, which Germanized the &#8220;C&#8221; to the &#8220;K&#8221;.<\/p><p style=\"font-weight: 400;\">Carl Humann became known and famous for his discovery and excavation of the ancient Pergamon Altar at the end of the 1870s. Pergamon was already in the 3rd century BC a Greek city built on a mountain near the west coast of Asia Minor in today&#8217;s Turkey. Today the city is called Bergama and is located 80 kilometers north of Izmir. Carl Humann is buried there on the former castle hill.<\/p><p style=\"font-weight: 400;\">The Pergamon Altar is also the logo of our school.<\/p><p style=\"font-weight: 400;\">Today, the Pergamon Altar excavated by Carl Humann is located in the Pergamon Museum on Museum Island in Berlin.<\/p><p style=\"font-weight: 400;\">In memory of the eponym, a bust of him is set up in the main building and in the dependance.<\/p>\t\t\t\t\t\t\t\t<\/div>\n\t\t\t\t<\/div>\n\t\t\t\t\t<\/div>\n\t\t<\/div>\n\t\t\t\t\t<\/div>\n\t\t<\/section>\n\t\t\t\t<section class=\"elementor-section elementor-top-section elementor-element elementor-element-2041c1f elementor-section-boxed elementor-section-height-default elementor-section-height-default\" data-id=\"2041c1f\" data-element_type=\"section\" data-e-type=\"section\">\n\t\t\t\t\t\t<div class=\"elementor-container elementor-column-gap-default\">\n\t\t\t\t\t<div class=\"elementor-column elementor-col-50 elementor-top-column elementor-element elementor-element-3ea5715\" data-id=\"3ea5715\" data-element_type=\"column\" data-e-type=\"column\">\n\t\t\t<div class=\"elementor-widget-wrap elementor-element-populated\">\n\t\t\t\t\t\t<div class=\"elementor-element elementor-element-bbaed97 elementor-widget elementor-widget-text-editor\" data-id=\"bbaed97\" data-element_type=\"widget\" data-e-type=\"widget\" data-widget_type=\"text-editor.default\">\n\t\t\t\t<div class=\"elementor-widget-container\">\n\t\t\t\t\t\t\t\t\t<p style=\"font-weight: 400;\">In addition to Carl Humann&#8217;s name cast in stone, three other words can be read above the entrance of our school: MUSIS \u2013 PATRIAE \u2013 DEO. The ARTS, the FATHERLAND and GOD are guiding words of an education as it was understood at the turn of the 20th century. Young people were to be educated in the spirit of a certain understanding of the world, marked by a deep love for the fatherland and God.<\/p><p style=\"font-weight: 400;\">Today we understand these mottos as follows: MUSIS as an introduction to and the use of different sciences in order to better understand and assess ourselves and the functioning of our world and thus to remain capable of building the\u00a0 future. PATRIAE to understand that the dignity of every human being is inviolable. And DEO as a kind of empathy which understands that \u2013 despite all differences \u2013 our lives can only succeed in cooperation and mutual respect.<\/p>\t\t\t\t\t\t\t\t<\/div>\n\t\t\t\t<\/div>\n\t\t\t\t\t<\/div>\n\t\t<\/div>\n\t\t\t\t<div class=\"elementor-column elementor-col-50 elementor-top-column elementor-element elementor-element-eae9ce8\" data-id=\"eae9ce8\" data-element_type=\"column\" data-e-type=\"column\">\n\t\t\t<div class=\"elementor-widget-wrap elementor-element-populated\">\n\t\t\t\t\t\t<div class=\"elementor-element elementor-element-a5e1af0 elementor-widget elementor-widget-image\" data-id=\"a5e1af0\" data-element_type=\"widget\" data-e-type=\"widget\" data-widget_type=\"image.default\">\n\t\t\t\t<div class=\"elementor-widget-container\">\n\t\t\t\t\t\t\t\t\t<div class=\"elementor-image\">\n\t\t\t\t\t\t\t\t\t\t\t\t\t\t\t\t\t\t\t\t\t<img loading=\"lazy\" decoding=\"async\" width=\"1024\" height=\"683\" src=\"https:\/\/carl-humann.de\/wp-content\/uploads\/2022\/10\/L1000836-1024x683.jpg\" class=\"attachment-large size-large wp-image-990210\" alt=\"\" srcset=\"https:\/\/carl-humann.de\/wp-content\/uploads\/2022\/10\/L1000836-1024x683.jpg 1024w, https:\/\/carl-humann.de\/wp-content\/uploads\/2022\/10\/L1000836-300x200.jpg 300w, https:\/\/carl-humann.de\/wp-content\/uploads\/2022\/10\/L1000836-768x512.jpg 768w, https:\/\/carl-humann.de\/wp-content\/uploads\/2022\/10\/L1000836-1536x1025.jpg 1536w, https:\/\/carl-humann.de\/wp-content\/uploads\/2022\/10\/L1000836.jpg 1920w\" sizes=\"(max-width: 1024px) 100vw, 1024px\" \/>\t\t\t\t\t\t\t\t\t\t\t\t\t\t\t\t\t\t\t\t\t\t\t\t<\/div>\n\t\t\t\t\t\t\t\t<\/div>\n\t\t\t\t<\/div>\n\t\t\t\t\t<\/div>\n\t\t<\/div>\n\t\t\t\t\t<\/div>\n\t\t<\/section>\n\t\t\t\t<section class=\"elementor-section elementor-top-section elementor-element elementor-element-64facea elementor-section-boxed elementor-section-height-default elementor-section-height-default\" data-id=\"64facea\" data-element_type=\"section\" data-e-type=\"section\">\n\t\t\t\t\t\t<div class=\"elementor-container elementor-column-gap-default\">\n\t\t\t\t\t<div class=\"elementor-column elementor-col-100 elementor-top-column elementor-element elementor-element-b07bec0\" data-id=\"b07bec0\" data-element_type=\"column\" data-e-type=\"column\">\n\t\t\t<div class=\"elementor-widget-wrap elementor-element-populated\">\n\t\t\t\t\t\t<div class=\"elementor-element elementor-element-ef2a878 elementor-widget elementor-widget-text-editor\" data-id=\"ef2a878\" data-element_type=\"widget\" data-e-type=\"widget\" data-widget_type=\"text-editor.default\">\n\t\t\t\t<div class=\"elementor-widget-container\">\n\t\t\t\t\t\t\t\t\t<p style=\"font-weight: 400;\">Against this background, we also offer our students a wide range of activities outside the classroom: from theatre to making music in the orchestra and in the band, to volleyball in the school-related volleyball club of the VV-Humann, as well as various social projects within the framework of School without Racism.<\/p><p style=\"font-weight: 400;\">During the nine years, we offer a variety of ways to learn with and from each other, to try things out, to discover and cultivate the pupils`own talents and to make friends with other young people in Europe. As a reliable educational partner, we not only successfully accompany our students through their schooling and Abitur, we also help them to find their way safely into life and the world of work.<\/p>\t\t\t\t\t\t\t\t<\/div>\n\t\t\t\t<\/div>\n\t\t\t\t\t<\/div>\n\t\t<\/div>\n\t\t\t\t\t<\/div>\n\t\t<\/section>\n\t\t\t\t<section class=\"elementor-section elementor-top-section elementor-element elementor-element-19115a8 elementor-section-boxed elementor-section-height-default elementor-section-height-default\" data-id=\"19115a8\" data-element_type=\"section\" data-e-type=\"section\">\n\t\t\t\t\t\t<div class=\"elementor-container elementor-column-gap-default\">\n\t\t\t\t\t<div class=\"elementor-column elementor-col-100 elementor-top-column elementor-element elementor-element-adbe3d5\" data-id=\"adbe3d5\" data-element_type=\"column\" data-e-type=\"column\">\n\t\t\t<div class=\"elementor-widget-wrap elementor-element-populated\">\n\t\t\t\t\t\t<div class=\"elementor-element elementor-element-b459c2f elementor-widget elementor-widget-spacer\" data-id=\"b459c2f\" data-element_type=\"widget\" data-e-type=\"widget\" data-widget_type=\"spacer.default\">\n\t\t\t\t<div class=\"elementor-widget-container\">\n\t\t\t\t\t\t\t<div class=\"elementor-spacer\">\n\t\t\t<div class=\"elementor-spacer-inner\"><\/div>\n\t\t<\/div>\n\t\t\t\t\t\t<\/div>\n\t\t\t\t<\/div>\n\t\t\t\t\t<\/div>\n\t\t<\/div>\n\t\t\t\t\t<\/div>\n\t\t<\/section>\n\t\t\t\t<section class=\"elementor-section elementor-top-section elementor-element elementor-element-ddca803 elementor-section-boxed elementor-section-height-default elementor-section-height-default\" data-id=\"ddca803\" data-element_type=\"section\" data-e-type=\"section\" data-settings=\"{&quot;background_background&quot;:&quot;classic&quot;}\">\n\t\t\t\t\t\t<div class=\"elementor-container elementor-column-gap-default\">\n\t\t\t\t\t<div class=\"elementor-column elementor-col-100 elementor-top-column elementor-element elementor-element-aa29dbc\" data-id=\"aa29dbc\" data-element_type=\"column\" data-e-type=\"column\">\n\t\t\t<div class=\"elementor-widget-wrap elementor-element-populated\">\n\t\t\t\t\t\t<div class=\"elementor-element elementor-element-a288c51 elementor-widget elementor-widget-spacer\" data-id=\"a288c51\" data-element_type=\"widget\" data-e-type=\"widget\" data-widget_type=\"spacer.default\">\n\t\t\t\t<div class=\"elementor-widget-container\">\n\t\t\t\t\t\t\t<div class=\"elementor-spacer\">\n\t\t\t<div class=\"elementor-spacer-inner\"><\/div>\n\t\t<\/div>\n\t\t\t\t\t\t<\/div>\n\t\t\t\t<\/div>\n\t\t\t\t\t<\/div>\n\t\t<\/div>\n\t\t\t\t\t<\/div>\n\t\t<\/section>\n\t\t\t\t<\/div>\n\t\t","protected":false},"excerpt":{"rendered":"<p>300+ Years History and Education The history of our school begins over 300 years ago with a Latin school, which the Catholic pastor Leo Hertiger, who worked in Steele, founded in 1697 with his own money. In October 1854, the Latin school, which had hitherto been tied to the church, was rededicated to a secular&#8230;<\/p>\n","protected":false},"author":5,"featured_media":0,"parent":0,"menu_order":0,"comment_status":"closed","ping_status":"closed","template":"","meta":{"inline_featured_image":false,"footnotes":""},"class_list":["post-1003251","page","type-page","status-publish","hentry"],"yoast_head":"<!-- This site is optimized with the Yoast SEO plugin v27.4 - https:\/\/yoast.com\/product\/yoast-seo-wordpress\/ -->\n<title>SCHOOL HISTORY - Carl-Humann-Gymnasium Essen<\/title>\n<meta name=\"robots\" content=\"index, follow, max-snippet:-1, max-image-preview:large, max-video-preview:-1\" \/>\n<link rel=\"canonical\" href=\"https:\/\/carl-humann.de\/schulgeschichte\/\" \/>\n<meta property=\"og:locale\" content=\"en_US\" \/>\n<meta property=\"og:type\" content=\"article\" \/>\n<meta property=\"og:title\" content=\"SCHOOL HISTORY - Carl-Humann-Gymnasium Essen\" \/>\n<meta property=\"og:description\" content=\"300+ Years History and Education The history of our school begins over 300 years ago with a Latin school, which the Catholic pastor Leo Hertiger, who worked in Steele, founded in 1697 with his own money. In October 1854, the Latin school, which had hitherto been tied to the church, was rededicated to a secular...\" \/>\n<meta property=\"og:url\" content=\"https:\/\/carl-humann.de\/schulgeschichte\/\" \/>\n<meta property=\"og:site_name\" content=\"Carl-Humann-Gymnasium Essen\" \/>\n<meta property=\"article:modified_time\" content=\"2024-10-06T20:34:31+00:00\" \/>\n<meta property=\"og:image\" content=\"https:\/\/carl-humann.de\/wp-content\/uploads\/2022\/10\/Bildschirmfoto-2022-10-07-um-09.33.20-1024x639.jpg\" \/>\n<meta name=\"twitter:card\" content=\"summary_large_image\" \/>\n<meta name=\"twitter:label1\" content=\"Est. reading time\" \/>\n\t<meta name=\"twitter:data1\" content=\"6 minutes\" \/>\n<script type=\"application\/ld+json\" class=\"yoast-schema-graph\">{\"@context\":\"https:\\\/\\\/schema.org\",\"@graph\":[{\"@type\":\"WebPage\",\"@id\":\"https:\\\/\\\/carl-humann.de\\\/schulgeschichte\\\/\",\"url\":\"https:\\\/\\\/carl-humann.de\\\/schulgeschichte\\\/\",\"name\":\"SCHOOL HISTORY - Carl-Humann-Gymnasium Essen\",\"isPartOf\":{\"@id\":\"https:\\\/\\\/carl-humann.de\\\/#website\"},\"primaryImageOfPage\":{\"@id\":\"https:\\\/\\\/carl-humann.de\\\/schulgeschichte\\\/#primaryimage\"},\"image\":{\"@id\":\"https:\\\/\\\/carl-humann.de\\\/schulgeschichte\\\/#primaryimage\"},\"thumbnailUrl\":\"https:\\\/\\\/carl-humann.de\\\/wp-content\\\/uploads\\\/2022\\\/10\\\/Bildschirmfoto-2022-10-07-um-09.33.20-1024x639.jpg\",\"datePublished\":\"2020-11-21T08:54:07+00:00\",\"dateModified\":\"2024-10-06T20:34:31+00:00\",\"breadcrumb\":{\"@id\":\"https:\\\/\\\/carl-humann.de\\\/schulgeschichte\\\/#breadcrumb\"},\"inLanguage\":\"en-US\",\"potentialAction\":[{\"@type\":\"ReadAction\",\"target\":[\"https:\\\/\\\/carl-humann.de\\\/schulgeschichte\\\/\"]}]},{\"@type\":\"ImageObject\",\"inLanguage\":\"en-US\",\"@id\":\"https:\\\/\\\/carl-humann.de\\\/schulgeschichte\\\/#primaryimage\",\"url\":\"https:\\\/\\\/carl-humann.de\\\/wp-content\\\/uploads\\\/2022\\\/10\\\/Bildschirmfoto-2022-10-07-um-09.33.20-1024x639.jpg\",\"contentUrl\":\"https:\\\/\\\/carl-humann.de\\\/wp-content\\\/uploads\\\/2022\\\/10\\\/Bildschirmfoto-2022-10-07-um-09.33.20-1024x639.jpg\"},{\"@type\":\"BreadcrumbList\",\"@id\":\"https:\\\/\\\/carl-humann.de\\\/schulgeschichte\\\/#breadcrumb\",\"itemListElement\":[{\"@type\":\"ListItem\",\"position\":1,\"name\":\"Startseite\",\"item\":\"https:\\\/\\\/carl-humann.de\\\/\"},{\"@type\":\"ListItem\",\"position\":2,\"name\":\"SCHOOL HISTORY\"}]},{\"@type\":\"WebSite\",\"@id\":\"https:\\\/\\\/carl-humann.de\\\/#website\",\"url\":\"https:\\\/\\\/carl-humann.de\\\/\",\"name\":\"Carl-Humann-Gymnasium Essen\",\"description\":\"\",\"publisher\":{\"@id\":\"https:\\\/\\\/carl-humann.de\\\/#organization\"},\"potentialAction\":[{\"@type\":\"SearchAction\",\"target\":{\"@type\":\"EntryPoint\",\"urlTemplate\":\"https:\\\/\\\/carl-humann.de\\\/?s={search_term_string}\"},\"query-input\":{\"@type\":\"PropertyValueSpecification\",\"valueRequired\":true,\"valueName\":\"search_term_string\"}}],\"inLanguage\":\"en-US\"},{\"@type\":\"Organization\",\"@id\":\"https:\\\/\\\/carl-humann.de\\\/#organization\",\"name\":\"Carl-Humann-Gymnasium Essen\",\"url\":\"https:\\\/\\\/carl-humann.de\\\/\",\"logo\":{\"@type\":\"ImageObject\",\"inLanguage\":\"en-US\",\"@id\":\"https:\\\/\\\/carl-humann.de\\\/#\\\/schema\\\/logo\\\/image\\\/\",\"url\":\"https:\\\/\\\/carl-humann.de\\\/wp-content\\\/uploads\\\/2021\\\/09\\\/Logo_1c_222x85mm-1.png\",\"contentUrl\":\"https:\\\/\\\/carl-humann.de\\\/wp-content\\\/uploads\\\/2021\\\/09\\\/Logo_1c_222x85mm-1.png\",\"width\":2622,\"height\":1004,\"caption\":\"Carl-Humann-Gymnasium Essen\"},\"image\":{\"@id\":\"https:\\\/\\\/carl-humann.de\\\/#\\\/schema\\\/logo\\\/image\\\/\"}}]}<\/script>\n<!-- \/ Yoast SEO plugin. -->","yoast_head_json":{"title":"SCHOOL HISTORY - Carl-Humann-Gymnasium Essen","robots":{"index":"index","follow":"follow","max-snippet":"max-snippet:-1","max-image-preview":"max-image-preview:large","max-video-preview":"max-video-preview:-1"},"canonical":"https:\/\/carl-humann.de\/schulgeschichte\/","og_locale":"en_US","og_type":"article","og_title":"SCHOOL HISTORY - Carl-Humann-Gymnasium Essen","og_description":"300+ Years History and Education The history of our school begins over 300 years ago with a Latin school, which the Catholic pastor Leo Hertiger, who worked in Steele, founded in 1697 with his own money. In October 1854, the Latin school, which had hitherto been tied to the church, was rededicated to a secular...","og_url":"https:\/\/carl-humann.de\/schulgeschichte\/","og_site_name":"Carl-Humann-Gymnasium Essen","article_modified_time":"2024-10-06T20:34:31+00:00","og_image":[{"url":"https:\/\/carl-humann.de\/wp-content\/uploads\/2022\/10\/Bildschirmfoto-2022-10-07-um-09.33.20-1024x639.jpg","type":"","width":"","height":""}],"twitter_card":"summary_large_image","twitter_misc":{"Est. reading time":"6 minutes"},"schema":{"@context":"https:\/\/schema.org","@graph":[{"@type":"WebPage","@id":"https:\/\/carl-humann.de\/schulgeschichte\/","url":"https:\/\/carl-humann.de\/schulgeschichte\/","name":"SCHOOL HISTORY - Carl-Humann-Gymnasium Essen","isPartOf":{"@id":"https:\/\/carl-humann.de\/#website"},"primaryImageOfPage":{"@id":"https:\/\/carl-humann.de\/schulgeschichte\/#primaryimage"},"image":{"@id":"https:\/\/carl-humann.de\/schulgeschichte\/#primaryimage"},"thumbnailUrl":"https:\/\/carl-humann.de\/wp-content\/uploads\/2022\/10\/Bildschirmfoto-2022-10-07-um-09.33.20-1024x639.jpg","datePublished":"2020-11-21T08:54:07+00:00","dateModified":"2024-10-06T20:34:31+00:00","breadcrumb":{"@id":"https:\/\/carl-humann.de\/schulgeschichte\/#breadcrumb"},"inLanguage":"en-US","potentialAction":[{"@type":"ReadAction","target":["https:\/\/carl-humann.de\/schulgeschichte\/"]}]},{"@type":"ImageObject","inLanguage":"en-US","@id":"https:\/\/carl-humann.de\/schulgeschichte\/#primaryimage","url":"https:\/\/carl-humann.de\/wp-content\/uploads\/2022\/10\/Bildschirmfoto-2022-10-07-um-09.33.20-1024x639.jpg","contentUrl":"https:\/\/carl-humann.de\/wp-content\/uploads\/2022\/10\/Bildschirmfoto-2022-10-07-um-09.33.20-1024x639.jpg"},{"@type":"BreadcrumbList","@id":"https:\/\/carl-humann.de\/schulgeschichte\/#breadcrumb","itemListElement":[{"@type":"ListItem","position":1,"name":"Startseite","item":"https:\/\/carl-humann.de\/"},{"@type":"ListItem","position":2,"name":"SCHOOL HISTORY"}]},{"@type":"WebSite","@id":"https:\/\/carl-humann.de\/#website","url":"https:\/\/carl-humann.de\/","name":"Carl-Humann-Gymnasium Essen","description":"","publisher":{"@id":"https:\/\/carl-humann.de\/#organization"},"potentialAction":[{"@type":"SearchAction","target":{"@type":"EntryPoint","urlTemplate":"https:\/\/carl-humann.de\/?s={search_term_string}"},"query-input":{"@type":"PropertyValueSpecification","valueRequired":true,"valueName":"search_term_string"}}],"inLanguage":"en-US"},{"@type":"Organization","@id":"https:\/\/carl-humann.de\/#organization","name":"Carl-Humann-Gymnasium Essen","url":"https:\/\/carl-humann.de\/","logo":{"@type":"ImageObject","inLanguage":"en-US","@id":"https:\/\/carl-humann.de\/#\/schema\/logo\/image\/","url":"https:\/\/carl-humann.de\/wp-content\/uploads\/2021\/09\/Logo_1c_222x85mm-1.png","contentUrl":"https:\/\/carl-humann.de\/wp-content\/uploads\/2021\/09\/Logo_1c_222x85mm-1.png","width":2622,"height":1004,"caption":"Carl-Humann-Gymnasium Essen"},"image":{"@id":"https:\/\/carl-humann.de\/#\/schema\/logo\/image\/"}}]}},"_links":{"self":[{"href":"https:\/\/carl-humann.de\/en\/wp-json\/wp\/v2\/pages\/1003251","targetHints":{"allow":["GET"]}}],"collection":[{"href":"https:\/\/carl-humann.de\/en\/wp-json\/wp\/v2\/pages"}],"about":[{"href":"https:\/\/carl-humann.de\/en\/wp-json\/wp\/v2\/types\/page"}],"author":[{"embeddable":true,"href":"https:\/\/carl-humann.de\/en\/wp-json\/wp\/v2\/users\/5"}],"replies":[{"embeddable":true,"href":"https:\/\/carl-humann.de\/en\/wp-json\/wp\/v2\/comments?post=1003251"}],"version-history":[{"count":7,"href":"https:\/\/carl-humann.de\/en\/wp-json\/wp\/v2\/pages\/1003251\/revisions"}],"predecessor-version":[{"id":1007930,"href":"https:\/\/carl-humann.de\/en\/wp-json\/wp\/v2\/pages\/1003251\/revisions\/1007930"}],"wp:attachment":[{"href":"https:\/\/carl-humann.de\/en\/wp-json\/wp\/v2\/media?parent=1003251"}],"curies":[{"name":"wp","href":"https:\/\/api.w.org\/{rel}","templated":true}]}}