{"version":"1.0","provider_name":"Carl-Humann-Gymnasium Essen","provider_url":"https:\/\/carl-humann.de\/en\/","author_name":"Max Baukrowitz","author_url":"https:\/\/carl-humann.de\/en\/author\/max-baukrowitz\/","title":"Sch\u00fclerrat w\u00e4hlt neue Sch\u00fclervertretung (SV) - Carl-Humann-Gymnasium Essen","type":"rich","width":600,"height":338,"html":"<blockquote class=\"wp-embedded-content\" data-secret=\"4bJzvInmWX\"><a href=\"https:\/\/carl-humann.de\/en\/schulerrat-wahlt-neue-schulervertretung-sv\/\">Sch\u00fclerrat w\u00e4hlt neue Sch\u00fclervertretung (SV)<\/a><\/blockquote><iframe sandbox=\"allow-scripts\" security=\"restricted\" src=\"https:\/\/carl-humann.de\/en\/schulerrat-wahlt-neue-schulervertretung-sv\/embed\/#?secret=4bJzvInmWX\" width=\"600\" height=\"338\" title=\"&#8220;Sch\u00fclerrat w\u00e4hlt neue Sch\u00fclervertretung (SV)&#8221; &#8212; Carl-Humann-Gymnasium Essen\" data-secret=\"4bJzvInmWX\" frameborder=\"0\" marginwidth=\"0\" marginheight=\"0\" scrolling=\"no\" class=\"wp-embedded-content\"><\/iframe><script type=\"text\/javascript\">\n\/* <![CDATA[ *\/\n\/*! This file is auto-generated *\/\n!function(d,l){\"use strict\";l.querySelector&&d.addEventListener&&\"undefined\"!=typeof URL&&(d.wp=d.wp||{},d.wp.receiveEmbedMessage||(d.wp.receiveEmbedMessage=function(e){var t=e.data;if((t||t.secret||t.message||t.value)&&!\/[^a-zA-Z0-9]\/.test(t.secret)){for(var s,r,n,a=l.querySelectorAll('iframe[data-secret=\"'+t.secret+'\"]'),o=l.querySelectorAll('blockquote[data-secret=\"'+t.secret+'\"]'),c=new RegExp(\"^https?:$\",\"i\"),i=0;i<o.length;i++)o[i].style.display=\"none\";for(i=0;i<a.length;i++)s=a[i],e.source===s.contentWindow&&(s.removeAttribute(\"style\"),\"height\"===t.message?(1e3<(r=parseInt(t.value,10))?r=1e3:~~r<200&&(r=200),s.height=r):\"link\"===t.message&&(r=new URL(s.getAttribute(\"src\")),n=new URL(t.value),c.test(n.protocol))&&n.host===r.host&&l.activeElement===s&&(d.top.location.href=t.value))}},d.addEventListener(\"message\",d.wp.receiveEmbedMessage,!1),l.addEventListener(\"DOMContentLoaded\",function(){for(var e,t,s=l.querySelectorAll(\"iframe.wp-embedded-content\"),r=0;r<s.length;r++)(t=(e=s[r]).getAttribute(\"data-secret\"))||(t=Math.random().toString(36).substring(2,12),e.src+=\"#?secret=\"+t,e.setAttribute(\"data-secret\",t)),e.contentWindow.postMessage({message:\"ready\",secret:t},\"*\")},!1)))}(window,document);\n\/\/# sourceURL=https:\/\/carl-humann.de\/wp-includes\/js\/wp-embed.min.js\n\/* ]]> *\/\n<\/script>\n","thumbnail_url":"https:\/\/carl-humann.de\/wp-content\/uploads\/2024\/09\/IMG_0881.jpg","thumbnail_width":850,"thumbnail_height":1065,"description":"Der Sch\u00fclerrat hat in seiner ersten Sitzung zum Schuljahresanfang getagt und nicht nur eine neue Sch\u00fclervertretung, sondern auch ein neues Vertrauenslehrerteam gew\u00e4hlt. Als neue Sch\u00fclersprecherin wurde Lisa R. aus der EF gew\u00e4hlt. In dieser Position folgt sie auf Yul St. (Q2), der Lisa als stellvertretender Sch\u00fclersprecher unterst\u00fctzend zur Seite steht. Weitere Mitglieder der SV sind:..."}